{"id":10,"date":"2018-06-11T21:18:27","date_gmt":"2018-06-11T19:18:27","guid":{"rendered":"https:\/\/isarautoren.de\/?page_id=10"},"modified":"2026-03-14T15:54:57","modified_gmt":"2026-03-14T14:54:57","slug":"autoren-an-der-isar","status":"publish","type":"page","link":"https:\/\/isarautoren.de\/index.php\/autoren-an-der-isar\/","title":{"rendered":"Lesungen mit den Isarautoren"},"content":{"rendered":"\n<p><strong>Buchen Sie eine Isarautoren-Lesung &nbsp;und leisten Sie damit einen wertvollen Beitrag zur Lesef\u00f6rderung!&nbsp;<\/strong><\/p>\n\n\n\n<p><strong>Und noch dazu sind wir sogar \u00f6kologisch wertvoll:<\/strong><br>&nbsp;Weil wir Ihnen ganz nah sind und nicht quer durchs weite Land anreisen.&nbsp;Suchen Sie sich auf unserer Website<br>die Lieblings-Isarautoren aus, entdecken Sie ihre Lieblings-B\u00fccher. Melden Sie sich bei uns mit Ihrer unverbindlichen Lesungs-Anfrage!&nbsp;Wir freuen uns auf Sie.<\/p>\n\n\n\n<p><strong>Sie w\u00fcrden gerne eine Isarautoren-Lesung buchen, brauchen aber F\u00f6rdermittel zur Finanzierung?<br>Hier k\u00f6nnen Sie eine wertvolle finanzielle F\u00f6rderung f\u00fcr Ihre&nbsp;gew\u00fcnschte Isarautoren-Lesung<br>beantragen:&nbsp;<\/strong><\/p>\n\n\n\n<p>Bayern liest e. V.<br>Unterst\u00fctzt Lesungen mit bis zu 50% der Kosten (bis maximal 220 \u20ac Honorar plus Reise- &amp; \u00dcbernachtungskosten).<br>Kontakt: <a class=\"\" href=\"http:\/\/www.bayern-liest.de\">www.bayern-liest.de<\/a>&nbsp;<\/p>\n\n\n\n<p>Friedrich B\u00f6decker-Kreis<br>Unterst\u00fctzt Lesungen mit bis zu 50 % der Kosten (bis maximal 110 \u20ac Honorar plus Reise- &amp; \u00dcbernachtungskosten).&nbsp;<br>Kontakt: <a class=\"\" href=\"http:\/\/www.boedecker-kreis.de\">www.boedecker-kreis.de<\/a><\/p>\n\n\n\n<p>Viele Gemeinden\/Schulen\/Vereine haben eigene F\u00f6rdert\u00f6pfe f\u00fcr professionelle Autoren- Lesungen. Eine kurze<br>Recherche in Ihrem regionalen Umfeld lohnt sich oft. &nbsp;<\/p>\n\n\n\n<h1>Und das sind die AutorInnen an der Isar:<\/h1>\n\n\n<h1>Martina Baumbach<\/h1>\n<p><img decoding=\"async\" loading=\"lazy\" class=\"size-full wp-image-286 alignright\" src=\"https:\/\/isarautoren.de\/wp-content\/uploads\/2019\/08\/Unbenannt-1.jpg\" alt=\"\" width=\"300\" height=\"300\" \/>Martina Baumbach, geboren 1969, hat schon als Kind mit ihrer Oma n\u00e4chtelang Geschichten um die Wette erz\u00e4hlt. Inzwischen hat sie \u00fcber 30 Kinderb\u00fccher, 80 Radiogeschichten, zahlreiche Kurzgeschichten und ein Lied geschrieben \u2026 \u00fcber Draufg\u00e4nger und Tr\u00e4umer, Abenteuerkatzen und hyperaktive Eichh\u00f6rnchen, unsichtbare Verwandte, Stadtindianer, Weltenbummler, Drachen, sprechende Kuscheltiere und weltbeste Freunde.<\/p>\n<p>Ihre B\u00fccher sind in verschiedene Sprachen \u00fcbersetzt. Ihr Erstlingswerk wurde mit dem M\u00fcnchner Stipendium f\u00fcr Kinder- und Jugendliteratur ausgezeichnet. \u201eAb heute wird\u2019s wild und gef\u00e4hrlich\u201c ist zum \u201eLieblingsbuch (nicht nur) f\u00fcr Jungs!\u201c gek\u00fcrt worden.<\/p>\n<p><a href=\"http:\/\/www.martinabaumbach.de\">www.martinabaumbach.de<\/a><\/p>\n<p><strong><em>Lesungen:<\/em><\/strong><\/p>\n<p><img decoding=\"async\" loading=\"lazy\" class=\"size-full wp-image-276 alignright\" src=\"https:\/\/isarautoren.de\/wp-content\/uploads\/2019\/07\/Martina-lesend.jpg\" alt=\"\" width=\"300\" height=\"300\" \/>In meinen Mitmachlesungen werden die Kinder aktiv miteinbezogen. Dar\u00fcber hinaus erfahren sie alles rund ums Geschichtenerfinden und \u00fcbers B\u00fcchermachen. Gemeinsam fabulieren, philosophieren und diskutieren wir und nat\u00fcrlich stehe ich Rede und Antwort zu den erfahrungsgem\u00e4\u00df vielen Fragen und gebe Tipps f\u00fcr alle jungen Schriftsteller. Je nach Alter sind spielerische Elemente und eine Mini-Bilderbuchwerkstatt Teil der Lesung.<\/p>\n<p><img decoding=\"async\" loading=\"lazy\" class=\"alignnone size-full wp-image-279\" src=\"https:\/\/isarautoren.de\/wp-content\/uploads\/2019\/07\/Holunderweg-klein.jpg\" alt=\"\" width=\"129\" height=\"180\" \/>\u00a0\u00a0 <img decoding=\"async\" loading=\"lazy\" class=\"alignnone size-full wp-image-521\" src=\"https:\/\/isarautoren.de\/wp-content\/uploads\/2021\/11\/Tierwandler_Lama.jpg\" alt=\"\" width=\"124\" height=\"180\" \/>\u00a0 <img decoding=\"async\" loading=\"lazy\" class=\"alignnone size-full wp-image-1035\" src=\"https:\/\/isarautoren.de\/wp-content\/uploads\/2023\/11\/Tierwandler_Eule.jpg\" alt=\"\" width=\"117\" height=\"180\" \/><\/p>\n<p>&#8222;Holunderweg-Reihe&#8220; (6 B\u00e4nde), ab 6 J., 128 S., Gabriel Verlag 2014-2019, ISBN: 978-3-522-30496-2, Lesealter: 6+<\/p>\n<p>&#8222;Die Tierwandler-Reihe&#8220;, Thienemann-Esslinger Verlag, Thienemann, ab 2020, ISBN: <span class=\"a-list-item\">978-3522185837, Lesealter: 8+<\/span><\/p>\n<p>&#8222;Die Tierwandler \u2013 Pl\u00f6tzlich Eule!&#8220;\/ Kleine Lesehelden, Thienemann, ab 2024, ISBN: <span class=\"a-list-item\">978-3522186339<\/span>, Lesealter: 6+<\/p>\n<p><a href=\"https:\/\/www.martinabaumbach.de\/\">www.martinabaumbach.de<\/a><\/p>\n<h1><strong>Nina Basovic Brown<\/strong><\/h1>\n<p><img decoding=\"async\" loading=\"lazy\" class=\"size-medium wp-image-870 alignright\" src=\"https:\/\/isarautoren.de\/wp-content\/uploads\/2023\/04\/Nina_Basovic-Brown-278x300.jpg\" alt=\"\" width=\"278\" height=\"300\" srcset=\"https:\/\/isarautoren.de\/wp-content\/uploads\/2023\/04\/Nina_Basovic-Brown-278x300.jpg 278w, https:\/\/isarautoren.de\/wp-content\/uploads\/2023\/04\/Nina_Basovic-Brown.jpg 300w\" sizes=\"(max-width: 278px) 100vw, 278px\" \/>Nina Basovic Brown wurde in M\u00fcnchberg\/Oberfranken als Kind jugoslawischer Gastarbeiter geboren und lebt heute mit ihrer Familie in M\u00fcnchen. Sie verbrachte mehrere Jahre in England, war Meistersch\u00fclerin an der Drehbuchwerkstatt der Filmhochschule M\u00fcnchen und nahm mit einem Fantasy-M\u00e4rchen f\u00fcr Kinder als Stipendiatin an der Akademie f\u00fcr Kindermedien teil. Ihr Jugendbuch \u201eLeontine \u2013 oder warum Pinguine fliegen k\u00f6nnen\u201c gewann das Literaturstipendium der Landeshauptstadt M\u00fcnchen. \u201eKorbj\u00e4ger\u201c, ein sportlicher Roman f\u00fcr Kinder der sich humorvoll mit Identit\u00e4tsfragen auseinandersetzt, wurde im Sommer 2022 als Top-Titel in der Altersgruppe 10+ von boys &amp; books e.V. ausgezeichnet und steht aktuell auf der Shortlist f\u00fcr den Goldenen B\u00fccherpiraten.<\/p>\n<p><img decoding=\"async\" loading=\"lazy\" class=\"size-medium wp-image-871 alignright\" src=\"https:\/\/isarautoren.de\/wp-content\/uploads\/2023\/04\/NIna_Bosvic_lesend-278x300.jpg\" alt=\"\" width=\"278\" height=\"300\" srcset=\"https:\/\/isarautoren.de\/wp-content\/uploads\/2023\/04\/NIna_Bosvic_lesend-278x300.jpg 278w, https:\/\/isarautoren.de\/wp-content\/uploads\/2023\/04\/NIna_Bosvic_lesend.jpg 300w\" sizes=\"(max-width: 278px) 100vw, 278px\" \/>Ninas Lebensweg und ihre Familie vereinen so viele Kulturen, dass sie sich bereits als Kind fragte, was Menschen eint und trennt. Heute sieht sie sich als interkulturelle Vagabundin und feiert mit ihrer Familie Thanksgiving, Zuckerfest und Nikolaus.<\/p>\n<p><em><strong>Lesungen:<\/strong><\/em><\/p>\n<p>Ich lese meine B\u00fccher genauso gerne vor, wie ich sie schreibe und liebe es, meine Zuh\u00f6rer:innen zum Lachen, Nachdenken und Mitfiebern zu bringen. Meine Lesungen sind eine Mischung aus Vortrag und Dialog, denn ich halte zwischendurch auch mal inne und rege die Kinder zur Diskussion \u00fcber das Geschehen an. Nat\u00fcrlich beantworte ich auch alle Fragen zum B\u00fccherschreiben, Geschichtenerfinden und meinem Alltag als Schriftstellerin.<\/p>\n<p><img decoding=\"async\" loading=\"lazy\" class=\"alignnone size-full wp-image-872\" src=\"https:\/\/isarautoren.de\/wp-content\/uploads\/2023\/04\/Korbjaeger.jpg\" alt=\"\" width=\"128\" height=\"180\" \/> \u00a0 <img decoding=\"async\" loading=\"lazy\" class=\"alignnone size-full wp-image-895\" src=\"https:\/\/isarautoren.de\/wp-content\/uploads\/2023\/05\/Alien.jpg\" alt=\"\" width=\"128\" height=\"180\" \/>\u00a0 <img decoding=\"async\" loading=\"lazy\" class=\"alignnone size-full wp-image-1215\" src=\"https:\/\/isarautoren.de\/wp-content\/uploads\/2024\/11\/cheerleader.jpg\" alt=\"\" width=\"128\" height=\"180\" \/><\/p>\n<p>&#8222;Korbj\u00e4ger&#8220;, 2022, Gulliver von Beltz und Gelberg, ISBN: \u200e 978-3407812742, Lesealter 9+<\/p>\n<p>&#8222;Wer ist hier der Alien&#8220;, Gulliver von Beltz und Gelberg, ISBN: <span class=\"a-list-item\">978-3407813220<\/span>, Lesealter: 10+<\/p>\n<p>&#8222;Cheerleader&#8220;, Gulliver von Beltz und Gelberg, ISBN: <span class=\"a-list-item\">978-3407813626<\/span>, Lesealter: 10+<\/p>\n<h1><strong>Sabine Bohlmann<img decoding=\"async\" loading=\"lazy\" class=\"size-full wp-image-55 alignright\" src=\"https:\/\/isarautoren.de\/wp-content\/uploads\/2018\/11\/Sabine-Bohlmann300..jpg\" alt=\"\" width=\"300\" height=\"300\" srcset=\"https:\/\/isarautoren.de\/wp-content\/uploads\/2018\/11\/Sabine-Bohlmann300..jpg 300w, https:\/\/isarautoren.de\/wp-content\/uploads\/2018\/11\/Sabine-Bohlmann300.-150x150.jpg 150w\" sizes=\"(max-width: 300px) 100vw, 300px\" \/><\/strong><\/h1>\n<p>1969 geboren und\u00a0 aufgewachsen in M\u00fcnchen.<br \/>Nach ihrer Schauspielausbildung spielt sie in diversen TV-Filmen und -Serien. Seit 1986 ist sie als Synchronsprecherin f\u00fcr unz\u00e4hlige Produktionen t\u00e4tig, unter anderem f\u00fcr: Die Simpsons (Lisa Simpson),\u00a0 Southpark (Kenny) , Sailor Moon (Sailor Moon), Harry Potter (die Maulende Myrthe), uvm. Seit 2004 ist Sabine Bohlmann als Autorin t\u00e4tig und ver\u00f6ffentlichte seitdem mehr als 40 B\u00fccher in verschiedenen Verlagen, von denen einige bereits im Ausland erschienen sind, sowie Kinder-Cds, f\u00fcr die sie zudem die Songtexte schrieb.<br \/>Au\u00dferdem schreibt Sabine Bohlmann Synchron-Dialogb\u00fccher und H\u00f6rspiele f\u00fcr verschiedene Auftraggeber und f\u00fchrt seit 2014 Synchron-Regie bei Filmen und Serien. (Foto: Christian Hartmann)<\/p>\n<p><a href=\"https:\/\/www.sabinebohlmann.com\/\">www.sabinebohlmann.com<\/a><\/p>\n<p><em><strong>Lesungen:<\/strong><\/em><\/p>\n<p><img decoding=\"async\" loading=\"lazy\" class=\"size-full wp-image-107 alignright\" src=\"https:\/\/isarautoren.de\/wp-content\/uploads\/2018\/11\/Sabine_Lesung.jpg\" alt=\"\" width=\"300\" height=\"300\" srcset=\"https:\/\/isarautoren.de\/wp-content\/uploads\/2018\/11\/Sabine_Lesung.jpg 300w, https:\/\/isarautoren.de\/wp-content\/uploads\/2018\/11\/Sabine_Lesung-150x150.jpg 150w\" sizes=\"(max-width: 300px) 100vw, 300px\" \/>Mit Frau Honig nimmt Sabine Bohlmann die Kinder mit in eine Welt voller Spa\u00df und Fantasie. Da fliegen Socken durchs Zimmer und lustige Gesichter werden aus Pullis geholt. W\u00e4hrend Fr\u00e4ulein Luise die Kinder mitnimmt auf eine verr\u00fcckte schr\u00e4ge geheime Reise, bei der die alte Luise von der 10 j\u00e4hrigen Greta aus dem Altersheim entf\u00fchrt wird. Bei dem kleinen Siebenschl\u00e4fer entsteht w\u00e4hrend der Lesung aus einem M\u00fctzentheater die Geschichte, in der der kleine Siebenschl\u00e4fer nicht einschlafen kann. Hier trifft die Autorin und die Schauspielerin zusammen und es entsteht ein einmaliges Vorleseerlebnis.<\/p>\n<p>Leseagentur: B\u00fccherexpress Rothwinkler <a href=\"mailto:Rothwinkler@t-online.de\">Rothwinkler@t-online.de<\/a><\/p>\n<p><img decoding=\"async\" loading=\"lazy\" class=\"alignnone size-full wp-image-509\" src=\"https:\/\/isarautoren.de\/wp-content\/uploads\/2021\/11\/Siebenschl\u00e4fer_Weihnachten.jpg\" alt=\"\" width=\"125\" height=\"180\" \/> \u00a0 <img decoding=\"async\" loading=\"lazy\" class=\"alignnone  wp-image-412\" src=\"https:\/\/isarautoren.de\/wp-content\/uploads\/2021\/03\/FrauHonig_Wind.jpg\" alt=\"\" width=\"117\" height=\"180\" \/> \u00a0\u00a0\u00a0<img decoding=\"async\" loading=\"lazy\" class=\"alignnone size-full wp-image-413\" src=\"https:\/\/isarautoren.de\/wp-content\/uploads\/2021\/03\/Willow.jpg\" alt=\"\" width=\"132\" height=\"180\" \/><\/p>\n<p>&#8222;Der kleine Siebenschl\u00e4fer: Ein Lichterwald voller Weihnachtsgeschichten&#8220;, Thienemann 2017, ISBN <span class=\"a-list-item\">978-3522185547<\/span>, Lesealter , Lesealter: 4+<br \/>&#8222;Frau Honig: Wenn der Wind weht&#8220;, Planet 2021, ISBN <span class=\"a-list-item\">978-3522507004<\/span>, Lesealter 9+<br \/>&#8222;Ein M\u00e4dchen Namens Willow&#8220;, Planet, 2020, ISBN <span class=\"a-list-item\"> 978-3522506649<\/span>, Lesealter 10+<\/p>\n<h1><strong>Juliane Breinl<\/strong><\/h1>\n<p><strong>&#8230; <\/strong>wuchs in Leipzig auf und verfasste erste Geschichten, malte viel und machte Musik. <img decoding=\"async\" loading=\"lazy\" class=\" wp-image-53 alignright\" src=\"https:\/\/isarautoren.de\/wp-content\/uploads\/2018\/10\/Juliane_kleiner-300x300.jpg\" alt=\"\" width=\"300\" height=\"300\" srcset=\"https:\/\/isarautoren.de\/wp-content\/uploads\/2018\/10\/Juliane_kleiner-300x300.jpg 300w, https:\/\/isarautoren.de\/wp-content\/uploads\/2018\/10\/Juliane_kleiner-150x150.jpg 150w, https:\/\/isarautoren.de\/wp-content\/uploads\/2018\/10\/Juliane_kleiner-768x768.jpg 768w, https:\/\/isarautoren.de\/wp-content\/uploads\/2018\/10\/Juliane_kleiner.jpg 970w\" sizes=\"(max-width: 300px) 100vw, 300px\" \/>Auch in ihrer Teenagerzeit in Mainz geh\u00f6rte Schreiben zu ihrem Alltag.\u00a0 Nach ihrem Neurolinguistik-Studium in Bielefeld, kam sie nach Bayern, arbeitete als Sprach, \u2013 Sprech \u2013 und Stimmtherapeutin und widmete sich dem klassischen Gesang. Ihre zwei Kinder brachten sie dann zum Schreiben zur\u00fcck. Nach einem gro\u00dfen Schreib-Wettbewerbsgewinn 2012 machte sie ihr Hobby zum Beruf. Sie arbeitet seitdem als freie Autorin,\u00a0 Dozentin und Sprech \u2013 und Stimmcoach in M\u00fcnchen. (Foto: Shawn)<\/p>\n<p><a href=\"http:\/\/www.juliane-breinl.de\">www.juliane-breinl.de<\/a><\/p>\n<p><em><strong>Lesungen:<\/strong><\/em><\/p>\n<p><img decoding=\"async\" loading=\"lazy\" class=\"size-full wp-image-102 alignright\" src=\"https:\/\/isarautoren.de\/wp-content\/uploads\/2018\/11\/Juliane_lesend.jpg\" alt=\"\" width=\"300\" height=\"300\" srcset=\"https:\/\/isarautoren.de\/wp-content\/uploads\/2018\/11\/Juliane_lesend.jpg 300w, https:\/\/isarautoren.de\/wp-content\/uploads\/2018\/11\/Juliane_lesend-150x150.jpg 150w\" sizes=\"(max-width: 300px) 100vw, 300px\" \/>Als Vorleseprofi nimmt Juliane Breinl ihre Zuh\u00f6rer auf lebendige Reisen in die \u00e4u\u00dferen und inneren Welten ihrer Helden mit und verr\u00e4t nebenher auch einige Manuskriptgeheimnisse. Jede Lesung gestaltet sie als ein in sich stimmiges dramaturgisches Konzept, bei dem auch Zeit f\u00fcr intensiven Austausch bleibt. Sie bringt immer etwas f\u00fcr jeden mit \u2013 seien es\u00a0 Geheimschriften, wenn sie aus den Feuerb\u00e4llen liest oder Autogrammkarten oder Apfeltaler-Rezepte.<\/p>\n<p><img decoding=\"async\" loading=\"lazy\" id=\"imgBlkFront\" class=\"a-dynamic-image image-stretch-vertical frontImage alignleft\" src=\"https:\/\/images-na.ssl-images-amazon.com\/images\/I\/41LhDSDKkmL._SX327_BO1,204,203,200_.jpg\" alt=\"\" width=\"119\" height=\"180\" data-a-dynamic-image=\"{&quot;https:\/\/images-na.ssl-images-amazon.com\/images\/I\/41LhDSDKkmL._SY344_BO1,204,203,200_.jpg&quot;:[228,346],&quot;https:\/\/images-na.ssl-images-amazon.com\/images\/I\/41LhDSDKkmL._SX327_BO1,204,203,200_.jpg&quot;:[329,499]}\" \/> <img decoding=\"async\" loading=\"lazy\" class=\"size-full wp-image-255 alignleft\" src=\"https:\/\/isarautoren.de\/wp-content\/uploads\/2019\/06\/mauerfall.jpg\" alt=\"\" width=\"125\" height=\"180\" \/><\/p>\n<p><img decoding=\"async\" loading=\"lazy\" class=\"wp-image-307 alignleft\" src=\"https:\/\/isarautoren.de\/wp-content\/uploads\/2019\/09\/Apfelkuchengeheimnis_250.jpg\" alt=\"\" width=\"123\" height=\"180\" \/><\/p>\n<p>Jugend-Buch \u00fcber Depression: &#8222;Graue Wolken im Kopf&#8220;, ISBN 978-3401509877, Arena, 2017, Lesealter: 12+<\/p>\n<p>&#8222;Das Apfelkuchen-Geheimnis&#8220;, Ars Edition, ISBN 978-3845828039, Lesealter 9+<\/p>\n<p>&#8222;Mein Mauerfall&#8220;, Ars Edition, ISBN 978-3845831916, Lesealter: 10+<\/p>\n<h1>Petra Breuer<\/h1>\n<p><b><img decoding=\"async\" loading=\"lazy\" class=\"size-full wp-image-234 alignright\" src=\"https:\/\/isarautoren.de\/wp-content\/uploads\/2019\/04\/Petra2.jpg\" alt=\"\" width=\"300\" height=\"300\" \/><\/b>lebt mit ihrer Familie am Stadtrand von M\u00fcnchen. B\u00fccher spielten bereits in ihrer fr\u00fchen Kindheit eine wichtige Rolle. Mit den Jahren entwickelte sich zudem eine gro\u00dfe Vorliebe f\u00fcr die Historie M\u00fcnchens. Nach einer Ausbildung zur Stadtf\u00fchrerin war ihr n\u00e4chster Schritt das eigene Buch. Heute ist sie als Autorin und Herausgeberin t\u00e4tig. Sie schreibt bevorzugt Kinderliteratur mit geschichtlichem Hintergrund und entf\u00fchrt Gro\u00df und Klein mit ihren spannenden Abenteuergeschichten in die Gr\u00fcndungszeit M\u00fcnchens. Ein weiteres Standbein sind Sach- und Schulb\u00fccher, Ortschroniken sowie Bildw\u00f6rterb\u00fccher. F\u00fcr Grundschulen bietet sie ein lehrreiches Schulklassenprogramm an. Lehrer k\u00f6nnen zwischen Lesungen, Stadtf\u00fchrungen und unterrichtsspezifischen Plakaten ausw\u00e4hlen.<\/p>\n<p><a href=\"http:\/\/www.phantasiereich.de\">www.phantasiereich.de<\/a><\/p>\n<p><img decoding=\"async\" loading=\"lazy\" class=\"size-full wp-image-236 alignright\" src=\"https:\/\/isarautoren.de\/wp-content\/uploads\/2019\/04\/Petra_lesend.jpg\" alt=\"\" width=\"300\" height=\"300\" \/><em><strong>Lesungen:<\/strong><\/em><\/p>\n<p>Meine Lesungen sind sehr unterhaltsam und niemals langweilig. Entweder schleiche ich bei Vollmond durch das mittelalterliche M\u00fcnchen oder ich tauche mit Teenagern in die Welt des Internets. Und Museumsliebhaber kommen in den Genuss einer Verkn\u00fcpfung von Lesung und Exponat.<\/p>\n<p><img decoding=\"async\" loading=\"lazy\" class=\"alignnone size-full wp-image-231\" src=\"https:\/\/isarautoren.de\/wp-content\/uploads\/2019\/04\/M\u00fcnchen.jpg\" alt=\"\" width=\"127\" height=\"180\" \/>\u00a0 <img decoding=\"async\" loading=\"lazy\" class=\"alignnone size-full wp-image-515\" src=\"https:\/\/isarautoren.de\/wp-content\/uploads\/2021\/11\/Kunstareal.jpg\" alt=\"\" width=\"180\" height=\"180\" \/>\u00a0 <img decoding=\"async\" loading=\"lazy\" class=\"alignnone size-full wp-image-233\" src=\"https:\/\/isarautoren.de\/wp-content\/uploads\/2019\/04\/harmlos.jpg\" alt=\"\" width=\"126\" height=\"180\" \/><\/p>\n<p>&#8222;Abenteuer in M\u00fcnchen&#8220;, Band 1, Der Angriff des L\u00f6wen, Phantasiereich, ISBN 978-3-943814-02-6, Lesealter: 9+ | \u00a04. Jahrgangsstufe Grundschule<\/p>\n<p>&#8222;Das Kunstareal f\u00fcr Kinder&#8220;, Phantasiereich,\u00a0 ISBN <span class=\"a-list-item\">978-3943814088<\/span>, Lesealter: 6+<\/p>\n<p>&#8222;Harmlos ist nur sein Name&#8220;, Phantasiereich, ISBN\u00a0 978-3-943814-21-7; Lesealter: 13+ | 6. Jahrgangsstufe<\/p>\n<h1><strong>Iris Fedrizzi<br \/><\/strong><\/h1>\n<p><img decoding=\"async\" loading=\"lazy\" class=\"size-medium wp-image-1025 alignright\" src=\"https:\/\/isarautoren.de\/wp-content\/uploads\/2023\/11\/Iris-fidrizzi-300x300.jpg\" alt=\"\" width=\"300\" height=\"300\" srcset=\"https:\/\/isarautoren.de\/wp-content\/uploads\/2023\/11\/Iris-fidrizzi.jpg 300w, https:\/\/isarautoren.de\/wp-content\/uploads\/2023\/11\/Iris-fidrizzi-150x150.jpg 150w\" sizes=\"(max-width: 300px) 100vw, 300px\" \/>Die M\u00fcnchnerin und Mutter dreier Kinder hat eine besondere Vorliebe f\u00fcr Fabelwesen und alte Sagen. Nach einem freiwilligen sozialen Jahr in Genua studierte sie Dramaturgie und Kunstp\u00e4dagogik und war f\u00fcr mehrere Produktionen an den Vereinigten B\u00fchnen Bozen engagiert. Sie war VGF Stipendiatin des Bayerischen Filmzentrums Geiselgasteig und ist Absolventin der Akademie f\u00fcr Kindermedien in Erfurt.<\/p>\n<p>Iris Fedrizzi schreibt Drehb\u00fccher, H\u00f6rspiele und Prosa. U. a. \u00fcbernahm sie die Drehbuchbearbeitung f\u00fcr den Kinofilm &#8222;K\u00f6nig Laurin&#8220;, der mit dem Goldenen Spatz und dem Kinder-Medien-Preis &#8222;Der Wei\u00dfe Elefant&#8220; ausgezeichnet wurde. Au\u00dferdem erschienen von ihr ein H\u00f6rspiel bei cbj audio und im CalmeMara Verlag die Bilderb\u00fccher &#8222;Drei kunterbunte Drachen&#8220;, &#8222;Das Ei mit dem Knacks&#8220; und ein paar humorvolle Einhorngeschichten. (Foto: Daniel Koblofsky)<br \/><a href=\"about:blank\">www.irisfedrizzi.de<\/a><\/p>\n<p><strong><img decoding=\"async\" loading=\"lazy\" class=\"size-medium wp-image-1026 alignright\" src=\"https:\/\/isarautoren.de\/wp-content\/uploads\/2023\/11\/Iris_lesend-300x300.jpg\" alt=\"\" width=\"300\" height=\"300\" srcset=\"https:\/\/isarautoren.de\/wp-content\/uploads\/2023\/11\/Iris_lesend.jpg 300w, https:\/\/isarautoren.de\/wp-content\/uploads\/2023\/11\/Iris_lesend-150x150.jpg 150w\" sizes=\"(max-width: 300px) 100vw, 300px\" \/>Lesungen:<\/strong><\/p>\n<p>Iris Fedrizzi schreibt nicht nur mit gro\u00dfer Begeisterung, sondern liest auch alles vor, was nicht bei drei auf den B\u00e4umen ist. Das hat sie fr\u00fcher schon bei ihren eigenen Kindern getan und nun freut sie sich immer ungemein, wenn sie in Kinderg\u00e4rten oder Schulen liest. Ihr verl\u00e4sslicher Begleiter ist dabei das Verlags-Maskottchen des CalmeMara Verlags, der Blaufu\u00dft\u00f6lpel Bo Blaufu\u00df, den die Kinder auch mal f\u00fcttern d\u00fcrfen (rein vegan versteht sich). Zur Abrundung hat sie f\u00fcr die Zuh\u00f6rer*innen immer passende Malvorlagen zu ihren B\u00fcchern in der Tasche.<\/p>\n<p>\u00a0<\/p>\n<p><img decoding=\"async\" loading=\"lazy\" class=\"alignnone size-full wp-image-1027\" src=\"https:\/\/isarautoren.de\/wp-content\/uploads\/2023\/11\/Ei-Knacks.jpg\" alt=\"\" width=\"182\" height=\"180\" \/>\u00a0 <img decoding=\"async\" loading=\"lazy\" class=\"alignnone size-full wp-image-1028\" src=\"https:\/\/isarautoren.de\/wp-content\/uploads\/2023\/11\/kunterbuntedrache.jpg\" alt=\"\" width=\"241\" height=\"180\" \/>\u00a0 <img decoding=\"async\" loading=\"lazy\" class=\"alignnone size-full wp-image-1463\" src=\"https:\/\/isarautoren.de\/wp-content\/uploads\/2026\/01\/Walli.jpg\" alt=\"\" width=\"141\" height=\"180\" \/><\/p>\n<p>\u201eDas Ei mit dem Knacks\u201c, CalmeMara Verlag, 2021, ISBN 978-3-948877-14-9, Lesealter: 4+<\/p>\n<p>\u201eDrei kunterbunte Drachen\u201c, CalmeMara Verlag, 2020, ISBN 978-3-948877-07-1, Lesealter: 3+<\/p>\n<p>&#8222;Walli ung der Wirbelwind&#8220;, CalmeMara, 2025, ISBN 978-3948877163, Lesealter 3+<\/p>\n<h1>Steffi Freitag<\/h1>\n<p><img decoding=\"async\" loading=\"lazy\" class=\"size-medium wp-image-1297 alignright\" src=\"https:\/\/isarautoren.de\/wp-content\/uploads\/2025\/04\/steffi-300x300.jpg\" alt=\"\" width=\"300\" height=\"300\" srcset=\"https:\/\/isarautoren.de\/wp-content\/uploads\/2025\/04\/steffi.jpg 300w, https:\/\/isarautoren.de\/wp-content\/uploads\/2025\/04\/steffi-150x150.jpg 150w\" sizes=\"(max-width: 300px) 100vw, 300px\" \/>Steffi Freitag wollte als Kind nicht Autorin werden, sondern lieber spielen und im Unterricht mit ihrer Freundin Comics zeichnen. Sp\u00e4ter kam der Ernst des Lebens. Also studierte sie Politik, Religionswissenschaft und Ethnologie in ihrer Heimatstadt M\u00fcnchen, machte eine Zusatzausbildung beim Goethe-Institut und unterrichtete mehrere Jahre Deutsch als Fremdsprache. Autorin wurde sie 2020, als ihr erstes Buch \u201eMuddelkuddel r\u00e4umt auf\u201c erschien. Mittlerweile gibt es 5 Muddelkuddel-B\u00e4nde. Neuerdings schreibt und zeichnet Steffi Freitag Comicromane. Vorlektoriert wurde die Geschichte von ihren zwei S\u00f6hnen und ihrem Mann, mit denen sie in M\u00fcnchen Pasing wohnt.<\/p>\n<p>www.steffi-freitag.de<\/p>\n<p><strong><img decoding=\"async\" loading=\"lazy\" class=\"size-medium wp-image-1294 alignright\" src=\"https:\/\/isarautoren.de\/wp-content\/uploads\/2025\/04\/Steffi-lesend-300x300.jpg\" alt=\"\" width=\"300\" height=\"300\" srcset=\"https:\/\/isarautoren.de\/wp-content\/uploads\/2025\/04\/Steffi-lesend.jpg 300w, https:\/\/isarautoren.de\/wp-content\/uploads\/2025\/04\/Steffi-lesend-150x150.jpg 150w\" sizes=\"(max-width: 300px) 100vw, 300px\" \/>Lesungen:<\/strong><br \/>W\u00e4hrend die Autorin den Text aus ihrem Comicroman vorliest, \u201elesen\u201c die Kinder die Bilder \u201emit\u201c. Denn erst im Zusammenspiel von Text und Bildern entwickelt sich die Geschichte. Die Kinder erfahren, wie ein Comicroman entsteht. Gemeinsam mit der Autorin zeichnen sie eine Hauptfigur oder denken sich tolle H\u00f6hlenr\u00e4ume aus.<br \/>Dem j\u00fcngeren Publikum liest Steffi Freitag gerne ihre Muddelkuddelgeschichten vor. Die Kinder lieben die verschiedenen Stimmen und Charaktere der kleinen Monster und die Bilder von Thorsten Berger. Am Ende l\u00f6sen die Kinder kleine R\u00e4tsel und zeichnen oder basteln ihr eigenes Monster.<\/p>\n<p><img decoding=\"async\" loading=\"lazy\" class=\"alignnone size-full wp-image-1175\" src=\"https:\/\/isarautoren.de\/wp-content\/uploads\/2024\/08\/muddelkuddel4.jpg\" alt=\"\" width=\"166\" height=\"180\" \/> <img decoding=\"async\" loading=\"lazy\" class=\"alignnone size-full wp-image-1292\" src=\"https:\/\/isarautoren.de\/wp-content\/uploads\/2025\/04\/Unterirdisch.jpg\" alt=\"\" width=\"117\" height=\"180\" \/> <img decoding=\"async\" loading=\"lazy\" class=\"alignnone size-full wp-image-1400\" src=\"https:\/\/isarautoren.de\/wp-content\/uploads\/2026\/01\/UnterWasser.jpg\" alt=\"\" width=\"117\" height=\"180\" \/><\/p>\n<p>&#8222;Muddelkuddel ist angegruselt\u201c, klein &amp; gro\u00df Verlag, 2023, ISBN: 978-3-946360-61-2, Lesealter 4-8 Jahre<\/p>\n<p>&#8222;Unterirdisch! Ein Comicroman selbst erlebt von Stoffel und Ca. Garantiert ohne Einh\u00f6rner&#8220;,\u00a0 Fischer Sauerl\u00e4nder, 2025, ISBN: <span class=\"a-list-item\"><span class=\"a-text-bold\"> \u200e <\/span> 978-3737373135<\/span>, Lesealter 8+<\/p>\n<p>&#8222;Unter Wasser. Ein Comicroman. Garantiert ohne Liebeskitsch&#8220;, Fischer Sauerl\u00e4nder, 2026, ISBN: 978-373737627-3, Lesealter: 8+<\/p>\n<h1><strong>Meike Haas <img decoding=\"async\" loading=\"lazy\" class=\"size-medium wp-image-70 alignright\" src=\"https:\/\/isarautoren.de\/wp-content\/uploads\/2018\/11\/2017-12-portrait-meike-1.jpg\" alt=\"\" width=\"300\" height=\"300\" srcset=\"https:\/\/isarautoren.de\/wp-content\/uploads\/2018\/11\/2017-12-portrait-meike-1.jpg 300w, https:\/\/isarautoren.de\/wp-content\/uploads\/2018\/11\/2017-12-portrait-meike-1-150x150.jpg 150w\" sizes=\"(max-width: 300px) 100vw, 300px\" \/><\/strong><\/h1>\n<p>Meike Haas wurde 1970 geboren und wuchs in Biberach an der Riss auf. Gelesen hat sie schon immer gern und Autorin w\u00e4re sie auch gern geworden, hat sich aber nicht so richtig getraut, ihre Geschichten jemandem zu zeigen.<br \/>Also hat sie erst mal in einem Behindertenheim gearbeitet, Germanistik und Philosophie studiert, eine Ausbildung zur Tageszeitungsredakteurin gemacht und ein paar Jahre als Journalistin gearbeitet. Aber dann hat sie ihr erstes Manuskript an einen Verlag geschickt. Nat\u00fcrlich hat der erste Verlag das Buch nicht gedruckt \u2013 aber der f\u00fcnfte! Seither ist Meike Haas Kinderbuchautorin und sehr gl\u00fccklich dar\u00fcber. Sie lebt mit ihrem Mann und zwei Kindern mitten in M\u00fcnchen.<\/p>\n<p><strong><a href=\"http:\/\/www.meike-haas.de\/\">www.meike-haas.de<\/a><\/strong><\/p>\n<p><strong>Lesungen:<\/strong><img decoding=\"async\" loading=\"lazy\" class=\"size-full wp-image-106 alignright\" src=\"https:\/\/isarautoren.de\/wp-content\/uploads\/2018\/11\/Lesungsbild_pegnitz_300.jpg\" alt=\"\" width=\"300\" height=\"300\" srcset=\"https:\/\/isarautoren.de\/wp-content\/uploads\/2018\/11\/Lesungsbild_pegnitz_300.jpg 300w, https:\/\/isarautoren.de\/wp-content\/uploads\/2018\/11\/Lesungsbild_pegnitz_300-150x150.jpg 150w\" sizes=\"(max-width: 300px) 100vw, 300px\" \/><\/p>\n<p>Zu ihren Lesungen bringt Meike Haas Gegenst\u00e4nde &#8211; manchmal auch Ger\u00e4usche &#8211; aus den Geschichten mit. Au\u00dferdem gibt es immer einen Mitmachteil: Mal wird eine Liedstrophe gedichtet, mal ein geheimnisvoller Lauschapparat untersucht. Und weil dabei ja jede Menge Fragen entstehem, stellt sich die Autorin anschlie\u00dfend zur ausf\u00fchrlichen L\u00f6cherei zur Verf\u00fcgung.<\/p>\n<h1><img decoding=\"async\" loading=\"lazy\" class=\"alignnone size-full wp-image-256\" src=\"https:\/\/isarautoren.de\/wp-content\/uploads\/2019\/06\/Weltraumzoo.jpg\" alt=\"\" width=\"126\" height=\"180\" \/> <img decoding=\"async\" loading=\"lazy\" class=\"alignnone wp-image-73\" src=\"https:\/\/isarautoren.de\/wp-content\/uploads\/2018\/11\/schurkenstrasse_gr.jpg\" alt=\"\" width=\"126\" height=\"180\" \/> <img decoding=\"async\" loading=\"lazy\" class=\"alignnone size-full wp-image-1032\" src=\"https:\/\/isarautoren.de\/wp-content\/uploads\/2023\/11\/Gorilla-neu.jpg\" alt=\"\" width=\"118\" height=\"180\" \/><\/h1>\n<p>&#8222;Der gro\u00dfe Weltraumzoo&#8220;, 2019, dtv,\u00a0 208 Seiten, ISBN978-3423762656, Lesealter 8+<\/p>\n<p>&#8222;Schurkenstra\u00dfe 7&#8220;, dtv, 2015, 235 Seiten; ISBN 978-3-423-76131-4, Lesealter 8+<\/p>\n<p>&#8222;Hilfe, meine Lehrerin ist ein Gorilla&#8220;, dtv 2024; ISBN <span class=\"a-list-item\">978-3423764926, Lesealter 8+<\/span><\/p>\n<h1>Charlotte Habersack<\/h1>\n<p><img decoding=\"async\" loading=\"lazy\" class=\"size-full wp-image-199 alignright\" src=\"https:\/\/isarautoren.de\/wp-content\/uploads\/2019\/03\/Bild-lang_Web.jpg\" alt=\"\" width=\"300\" height=\"300\" srcset=\"https:\/\/isarautoren.de\/wp-content\/uploads\/2019\/03\/Bild-lang_Web.jpg 300w, https:\/\/isarautoren.de\/wp-content\/uploads\/2019\/03\/Bild-lang_Web-150x150.jpg 150w\" sizes=\"(max-width: 300px) 100vw, 300px\" \/>Charlotte Habersack wuchs in M\u00fcnchen als \u00c4lteste von drei Schwestern auf. Als Kind kletterte sie am liebsten auf B\u00e4ume oder las Abenteuergeschichten. Schon mit sieben begann sie ihre ersten, eigenen Geschichten zu schreiben. Sp\u00e4ter studierte sie Germanistik und arbeitete als Kinoredakteurin beim Fernsehen. Heute schreibt sie vor allem Drehb\u00fccher und Romane f\u00fcr Kinder. Sie liest immer noch viel und reist gerne durch fremde L\u00e4nder. <u><br \/><\/u><\/p>\n<p><a class=\"moz-txt-link-abbreviated\" href=\"http:\/\/www.charlotte-habersack.de\">www.charlotte-habersack.de<\/a><\/p>\n<p><em><strong>Lesungen:<\/strong><\/em><\/p>\n<p><img decoding=\"async\" loading=\"lazy\" class=\"size-full wp-image-205 alignright\" src=\"https:\/\/isarautoren.de\/wp-content\/uploads\/2019\/03\/Charlotte_lesend.jpg\" alt=\"\" width=\"300\" height=\"300\" srcset=\"https:\/\/isarautoren.de\/wp-content\/uploads\/2019\/03\/Charlotte_lesend.jpg 300w, https:\/\/isarautoren.de\/wp-content\/uploads\/2019\/03\/Charlotte_lesend-150x150.jpg 150w\" sizes=\"(max-width: 300px) 100vw, 300px\" \/>Charlotte Habersack reist nicht nur gerne in ihrer Freizeit, sondern ist auch viel auf Lesereisen unterwegs. Sie liebt es, Jungs und M\u00e4dchen f\u00fcrs Lesen zu begeistern, und freut sich &#8211; nach den einsamen Wochen des Schreibens &#8211; endlich mal wieder Kinderlachen in ihren Ohren zu h\u00f6ren. Bei ihren Lesungen zeigt sie viele Bilder, z\u00fcndet gerne mal einen spektakul\u00e4ren Theaterfunkenblitz oder l\u00e4sst eine Party-Kanone krachen.<\/p>\n<p><img decoding=\"async\" loading=\"lazy\" class=\"alignnone size-full wp-image-682\" src=\"https:\/\/isarautoren.de\/wp-content\/uploads\/2022\/08\/nichtoeffnen-winzig.jpg\" alt=\"\" width=\"127\" height=\"180\" \/>\u00a0 <img decoding=\"async\" loading=\"lazy\" class=\"alignnone size-full wp-image-201\" src=\"https:\/\/isarautoren.de\/wp-content\/uploads\/2019\/03\/pippa-pepperkorn-4-pippa-pepperkorn-auf-klassenfahrt_Web.jpg\" alt=\"\" width=\"128\" height=\"180\" \/><img decoding=\"async\" loading=\"lazy\" class=\"alignnone size-full wp-image-202\" src=\"https:\/\/isarautoren.de\/wp-content\/uploads\/2019\/03\/Schusch_Cover_Web.jpg\" alt=\"\" width=\"129\" height=\"180\" \/><\/p>\n<p>Die &#8222;Bitte nicht \u00f6ffen&#8220; &#8211; Reihe (Carlsen) ISBN-13: 978-3551652119, ab 8 Jahren<\/p>\n<p>Die &#8222;Pippa Pepperkorn&#8220; &#8211; Reihe (Carlsen)\u00a0 ISBN-13: 978-3551653116, ab 7 Jahren<\/p>\n<p>&#8222;Der Schaurige Schusch&#8220;,\u00a0 Ravensburger, ISBN-13: 978-3473446704, ab 3 Jahren<\/p>\n<div>\u00a0<\/div>\n<div>\n<h1>Michaela Hanauer<\/h1>\n<\/div>\n<p><img decoding=\"async\" loading=\"lazy\" class=\"wp-image-472 alignright\" src=\"https:\/\/isarautoren.de\/wp-content\/uploads\/2021\/07\/Michaela.jpg\" alt=\"\" width=\"300\" height=\"275\" \/>Michaela Hanauer wurde 1969 geboren und ist ein waschechtes M\u00fcnchner Kindl \u2013 fast schon bevor sie richtig laufen konnte, flitzte sie mit Schlittschuhen \u00fcber den Nymphenburger Kanal und lernte im Feldmochinger See schwimmen. Im zarten Alter von 6 Jahren hielt sie ihre erste Rede im alten Plenarsaal des Landtags \u2013 allerdings ohne Zuh\u00f6rer. ? Nach dem Besuch mit ihrer Klasse in Onkel Franz\u2018 Schneiderbuchverlag, der damals noch in M\u00fcnchen sa\u00df, beschloss sie sp\u00e4ter einmal in einem Verlag zu arbeiten oder Kinderbuchautorin zu werden. Ihre Kindertr\u00e4ume sind nach dem Jurastudium tats\u00e4chlich wahr geworden. Seither hat sie eine Menge Kinder- und Jugendb\u00fccher geschrieben und liebt ihren Beruf genauso wie \u201eihre\u201c Stadt!<\/p>\n<p><a href=\"http:\/\/www.michaelahanauer.de\">www.michaelahanauer.de<\/a><\/p>\n<p><strong><em>Lesungen:<\/em><\/strong><\/p>\n<p><img decoding=\"async\" loading=\"lazy\" class=\"wp-image-473 alignright\" src=\"https:\/\/isarautoren.de\/wp-content\/uploads\/2021\/07\/Michaela_lesend.jpg\" alt=\"\" width=\"300\" height=\"282\" \/>Was Michaela Hanauer mindestens genauso viel Spa\u00df macht wie das Schreiben, sind Lesungen und Workshops. Sie nimmt ihre Zuh\u00f6rer mit auf die wunderbare Reise durch die Fantasie, auf der jede Figur ihre eigene Stimme bekommt. Es darf auch vor Spannung auf den Fingern\u00e4geln gekaut, mitger\u00e4tselt und mitgezappelt werden! Vor allem gibt es viel zu lachen und immer die Gelegenheit, die Autorin L\u00f6cher in den Bauch zu fragen. Bei Bedarf sogar mehrsprachig: auf Hochdeutsch oder Bayrisch oder mit H\u00e4nden und F\u00fc\u00dfen!<\/p>\n<p><img decoding=\"async\" loading=\"lazy\" class=\"alignnone size-full wp-image-475\" src=\"https:\/\/isarautoren.de\/wp-content\/uploads\/2021\/07\/Rulantica_klein.jpg\" alt=\"\" width=\"118\" height=\"180\" \/> <img decoding=\"async\" loading=\"lazy\" class=\"alignnone size-full wp-image-946\" src=\"https:\/\/isarautoren.de\/wp-content\/uploads\/2023\/07\/Nikolaus.jpg\" alt=\"\" width=\"189\" height=\"180\" \/>\u00a0<img decoding=\"async\" loading=\"lazy\" class=\"alignnone size-full wp-image-1225\" src=\"https:\/\/isarautoren.de\/wp-content\/uploads\/2024\/12\/MaerchenbuchAugsburg.jpg\" alt=\"\" width=\"126\" height=\"180\" \/><\/p>\n<p>&#8222;Rulantica 2 &#8211; Die Verschw\u00f6rung der G\u00f6tter&#8220;, Coppenrath 2020, ISBN 978-3649623229 Lesealter 8+<\/p>\n<p><span class=\"a-list-item\">&#8222;Einer, der Gutes tat&#8220;, Hrder 2023, ISBN 978-3451716676, Lesealter 3+<br \/><\/span><\/p>\n<p>&#8222;Das Augsburger M\u00e4rchenbuch!, Marzellen 2024, ISBN <span class=\"a-list-item\">978-3937795935<\/span>, Lesealter 5+<\/p>\n<h1>\u00a0<\/h1>\n<h1><strong>Gundi Herget <\/strong><\/h1>\n<p><strong><img decoding=\"async\" loading=\"lazy\" class=\"size-full wp-image-310 alignright\" src=\"https:\/\/isarautoren.de\/wp-content\/uploads\/2019\/10\/Gundi.jpg\" alt=\"\" width=\"300\" height=\"300\" \/><\/strong>Gundi Herget, geboren in M\u00fcnchen,\u00a0beschlich mit vier Jahren zum ersten Mal das Gef\u00fchl, dass B\u00fccher mit ihren vielen Seiten voller schwarzer Striche, Punkte und Kringel das Aufregendste sein k\u00f6nnten, das es gibt. Und so war es dann auch. Wollte mit zehn Jahren schon mal Schriftstellerin werden, hat dann aber erst Abitur gemacht, in M\u00fcnchen und Pisa Literatur studiert, Schlagzeug spielen gelernt, Redakteurin gelernt, die Welt bereist und ein Kind bekommen, was sie an den Vorsatz ihres zehnj\u00e4hrigen Ichs erinnert hat. Schreibt seitdem vor allem Kinderb\u00fccher.<\/p>\n<p><a href=\"https:\/\/gundiherget.de\/\">gundiherget.de<\/a><\/p>\n<p><img decoding=\"async\" loading=\"lazy\" class=\"alignnone size-full wp-image-311\" src=\"https:\/\/isarautoren.de\/wp-content\/uploads\/2019\/10\/bis-bald-im-wald_180.jpg\" alt=\"\" width=\"140\" height=\"180\" \/> \u00a0 <img decoding=\"async\" loading=\"lazy\" class=\"alignnone size-full wp-image-489\" src=\"https:\/\/isarautoren.de\/wp-content\/uploads\/2021\/11\/Gl\u00fccksfee.jpg\" alt=\"\" width=\"141\" height=\"180\" \/>\u00a0\u00a0 <img decoding=\"async\" loading=\"lazy\" class=\"alignnone size-full wp-image-313\" src=\"https:\/\/isarautoren.de\/wp-content\/uploads\/2019\/10\/Mozart-Robinson-und-der-Zauber-des-K\u00e4semonds_180.jpg\" alt=\"\" width=\"179\" height=\"180\" \/><\/p>\n<p>&#8222;Bis bald im Wald&#8220;, Magellan, 2018, ISBN 978-3734820465, 36 Monate bis 6 Jahre<\/p>\n<p>Die diebische Adventsfee, ISBN 978-3-943833-46-1, Edition Pastorplatz, ab 3 Jahren<\/p>\n<p>&#8222;Mozart &amp; Robinson und der Zauber des K\u00e4semonds&#8220;, ISBN 978-3734820243, Magellan, 2016, 36 Monate bis 6 Jahre<\/p>\n<h1>Marion H\u00fcbinger<\/h1>\n<p><img decoding=\"async\" loading=\"lazy\" class=\"size-full wp-image-266 alignright\" src=\"https:\/\/isarautoren.de\/wp-content\/uploads\/2019\/07\/Marion_300.jpg\" alt=\"\" width=\"300\" height=\"300\" \/>Marion H\u00fcbinger ist am Bodensee aufgewachsen, hat Germanistik und Philosophie studiert, um dann auf ihren Traumberuf umzusatteln und Buchh\u00e4ndlerin zu werden. Im Anschluss zog es sie aus beruflichen Gr\u00fcnden nach M\u00fcnchen. Ihre drei Kinder z\u00e4hlten zu den ersten Zuh\u00f6rern ihrer Geschichten, doch erst mit ihrem Jugendbuchdeb\u00fct 2014 hat sie sich den Jugendtraum erf\u00fcllt, Autorin zu werden. Sie besticht durch eine Genrevielfalt, ihre B\u00fccher sprechen starke Emotionen an und werfen gro\u00dfe Fragen auf. Solche nach dem Wert von Freundschaft und Loyalit\u00e4t, nach Verlust, neuen Lebensentw\u00fcrfen oder der Suche nach sich selbst.<\/p>\n<p><a href=\"https:\/\/marion-huebinger.de\">marion-huebinger.de<\/a><\/p>\n<p><strong>Lesungen:<\/strong><\/p>\n<p><img decoding=\"async\" loading=\"lazy\" class=\"size-full wp-image-271 alignright\" src=\"https:\/\/isarautoren.de\/wp-content\/uploads\/2019\/07\/Marion_lesend.jpg\" alt=\"\" width=\"300\" height=\"300\" \/>Lesungen erzeugen eine besondere Stimmung zwischen Autor und Zuh\u00f6rer. Dabei hilft der Autorin ihre Leseerfahrung, die sie seit 30 Jahren im Bereich der Lesef\u00f6rderung mit Kindern aufweist. Ihre Begeisterung an Geschichten legt sie in ihre Lesungen, fesselt die Zuh\u00f6rer jeden Alters allein durch die Modulation ihrer Stimme und l\u00e4sst sie mitten in ihre B\u00fccher eintauchen.<\/p>\n<p><img decoding=\"async\" loading=\"lazy\" class=\"alignnone size-full wp-image-269\" src=\"https:\/\/isarautoren.de\/wp-content\/uploads\/2019\/07\/H\u00fcbinger-Nachtfunke.jpg\" alt=\"\" width=\"126\" height=\"180\" \/>\u00a0 <img decoding=\"async\" loading=\"lazy\" class=\"alignnone size-full wp-image-642\" src=\"https:\/\/isarautoren.de\/wp-content\/uploads\/2022\/04\/grafik-6.png\" alt=\"\" width=\"139\" height=\"180\" \/> <img decoding=\"async\" loading=\"lazy\" class=\"alignnone size-full wp-image-739\" src=\"https:\/\/isarautoren.de\/wp-content\/uploads\/2022\/10\/Fearless.jpg\" alt=\"\" width=\"128\" height=\"180\" \/><\/p>\n<p>&#8222;Nachtfunke&#8220;, Tagtr\u00e4umerverlag 2019, 978-3-946843-47-4, High Fantasy ab 14 Jahren<\/p>\n<p>&#8222;Eine T\u00fcte voll Papa&#8220;, Susanna Rieder, 2022, <span class=\"a-list-item\">978-3948410407<\/span>, Bilderbuch ab 3 Jahren<\/p>\n<p>&#8222;Fearless&#8220;, Tagtr\u00e4umerverlag 2022, <span class=\"a-list-item\"><span class=\"a-text-bold\"> \u200e <\/span> 979-8849287102<\/span>, Fantasy f\u00fcr Kinder ab 14 Jahren<\/p>\n<div>\n<h1>Angelika-Huber Janisch<\/h1>\n<p><img decoding=\"async\" loading=\"lazy\" class=\"size-full wp-image-1122 alignright\" src=\"https:\/\/isarautoren.de\/wp-content\/uploads\/2024\/05\/Angelika.jpg\" alt=\"\" width=\"300\" height=\"276\" \/>Angelika Huber-Janisch erlebte in einem kleinen oberbayerischen Dorf an der \u00f6sterreichischen Grenze eine Kindheit fast so sch\u00f6n wie in Bullerb\u00fc. Schon damals dachte sie sich allerhand lustige Geschichten aus, die sie \u2013 zu Mini-Taschenb\u00fcchlein zusammengebunden \u2013 in der Familie verschenkte. Da sie die Leidenschaft f\u00fcrs Schreiben auch nach ihrem Biologie-Studium nie loslie\u00df, schreibt sie heute Sachb\u00fccher f\u00fcr Kinder \u2013 und wenn sie nicht gerade B\u00fccher schreibt, verfasst sie Natur-Artikel f\u00fcr verschiedene Zeitschriften. Angelika lebt mit ihrem Mann in der N\u00e4he von Landshut, wo sie noch jede Menge Ideen zu spannenden Geschichten und Sachb\u00fcchern f\u00fcr kleine und gro\u00dfe Leute verwandeln wird.<\/p>\n<p>2010 wurde sie mit dem Deutschen Preis f\u00fcr Naturjournalismus, Sonderpreis \u201eDer Wilde Rabe\u201c, f\u00fcr Ver\u00f6ffentlichungen in Kinder- und Jugendmedien ausgezeichnet. Ihr Buch \u201eDie Pf\u00fctze \u2013 Die Vielfalt einer verborgenen Welt entdecken\u201c geh\u00f6rt zu den Naturbuch-Empfehlungen der Deutschen Akademie f\u00fcr Kinder- und Jugendliteratur und zu den \u201eDie 100 Besten\u201c der M\u00fcnchner B\u00fccherschau 2022. Ihre Kindersachb\u00fccher wurden bereits in mehrere Sprachen \u00fcbersetzt.\u00a0<\/p>\n<p><a href=\"https:\/\/www.instagram.com\/angelikahuberjanisch_author\/\">https:\/\/www.instagram.com\/angelikahuberjanisch_author\/<\/a><\/p>\n<\/div>\n<p class=\"a-carousel-card\"><img decoding=\"async\" loading=\"lazy\" class=\"alignnone size-full wp-image-1123\" src=\"https:\/\/isarautoren.de\/wp-content\/uploads\/2024\/05\/waswilllstduwissen.jpg\" alt=\"\" width=\"137\" height=\"180\" \/> \u00a0\u00a0 <img decoding=\"async\" loading=\"lazy\" class=\"alignnone size-full wp-image-1124\" src=\"https:\/\/isarautoren.de\/wp-content\/uploads\/2024\/05\/Werkzeugkistedertiere.jpg\" alt=\"\" width=\"135\" height=\"180\" \/> \u00a0 <img decoding=\"async\" loading=\"lazy\" class=\"alignnone size-full wp-image-1125\" src=\"https:\/\/isarautoren.de\/wp-content\/uploads\/2024\/05\/Wildwiese.jpg\" alt=\"\" width=\"133\" height=\"180\" \/><\/p>\n<p class=\"a-carousel-card\">\u201eWas willst du wissen? Das gro\u00dfe Fragen- und Antwortenbuch \u2013 Tiere\u201c, ab 5 J., 64 S., Verlag arsEdition, ISBN 978-3845855394<br \/>\u201eDie Werkzeugkiste der Tiere\u201c, ab 8 J., 64 S., Rowohlt Rotfuchs Verlag, ISBN 978-3499011313<br \/>\u201eDie Wildwiese\u201c, ab 8 J., 64 S., Knesebeck Verlag, ISBN 978-3957285317<\/p>\n<h1><strong>Anja Janotta<img decoding=\"async\" loading=\"lazy\" class=\" wp-image-50 alignright\" src=\"https:\/\/isarautoren.de\/wp-content\/uploads\/2018\/07\/Pressefoto_Anja_Janotta_300.jpg\" alt=\"\" width=\"297\" height=\"297\" srcset=\"https:\/\/isarautoren.de\/wp-content\/uploads\/2018\/07\/Pressefoto_Anja_Janotta_300.jpg 300w, https:\/\/isarautoren.de\/wp-content\/uploads\/2018\/07\/Pressefoto_Anja_Janotta_300-150x150.jpg 150w\" sizes=\"(max-width: 297px) 100vw, 297px\" \/><\/strong><\/h1>\n<p>Anja Janotta, geboren 1970, verbrachte ihre Kindheit in Saudi Arabien und Algerien und wusste bereits fr\u00fch, dass sie Kinderbuchautorin werden wollte. In M\u00fcnchen studierte sie zun\u00e4chst Diplom-Journalistik und arbeitet heute als Online-Redakteurin. Seit ihre beiden Kinder Leser und Zuh\u00f6rer geworden sind, hat sie das literarische Schreiben wieder aufgenommen. F\u00fcr den Bayerischen Landtag schreibt Anja Janotta die Kinderkrimi-Serie &#8222;Die Isar-Detektive&#8220;.<\/p>\n<p><a href=\"http:\/\/www.anja-janotta.de\">www.anja-janotta.de<\/a><\/p>\n<p><strong>Lesungen:<\/strong><\/p>\n<p>Mitmachen macht mehr Spa\u00df als nur zuh\u00f6ren. Bei den Lesungen werden die jungen Leser immer mit einbezogen, sie gestalten Wortspiele (die besten werden auf www.linkslesestaerke.de ver\u00f6ffentlicht), sie raten leidenschaftlich beim<img decoding=\"async\" loading=\"lazy\" class=\"size-full wp-image-109 alignright\" src=\"https:\/\/isarautoren.de\/wp-content\/uploads\/2018\/11\/Anja_Isarautoren.jpg\" alt=\"\" width=\"300\" height=\"300\" srcset=\"https:\/\/isarautoren.de\/wp-content\/uploads\/2018\/11\/Anja_Isarautoren.jpg 300w, https:\/\/isarautoren.de\/wp-content\/uploads\/2018\/11\/Anja_Isarautoren-150x150.jpg 150w\" sizes=\"(max-width: 300px) 100vw, 300px\" \/> Quiz mit, gruseln sich bei der Taschenlampenlesung, machen selbst mal Politik, probieren Per\u00fccken und Strumpf-Tattoos &#8230; Denn die Liebe zum Buch und zu den Buchstaben ist nicht nur was f\u00fcr die Ohren, sondern f\u00fcr alle Sinne! (Foto: Irene Margil)<\/p>\n<p><img decoding=\"async\" loading=\"lazy\" class=\"alignnone wp-image-47\" src=\"https:\/\/isarautoren.de\/wp-content\/uploads\/2018\/07\/Cover_klein-189x300.jpg\" alt=\"\" width=\"113\" height=\"180\" srcset=\"https:\/\/isarautoren.de\/wp-content\/uploads\/2018\/07\/Cover_klein-189x300.jpg 189w, https:\/\/isarautoren.de\/wp-content\/uploads\/2018\/07\/Cover_klein.jpg 200w\" sizes=\"(max-width: 113px) 100vw, 113px\" \/>\u00a0 <img decoding=\"async\" loading=\"lazy\" class=\"alignnone size-full wp-image-1240\" src=\"https:\/\/isarautoren.de\/wp-content\/uploads\/2024\/12\/Coolste.jpg\" alt=\"\" width=\"117\" height=\"180\" \/> <img decoding=\"async\" loading=\"lazy\" class=\"alignnone size-full wp-image-1429\" src=\"https:\/\/isarautoren.de\/wp-content\/uploads\/2026\/01\/Isardetektive-5_180.jpg\" alt=\"\" width=\"125\" height=\"180\" \/> \u00a0\u00a0<\/p>\n<p>&#8222;Linkslesest\u00e4rke&#8220;, 978-3570163399, cbt 2015\/Bassermann 2019, Lesealter: 9+<\/p>\n<p>&#8222;Die coolse Klasse des Planeten&#8220;, <span class=\"a-list-item\">978-3407824356<\/span>, Gulliver 2024, Lesealter: 10+<\/p>\n<p>&#8222;Die Isar-Detektive: Verfolgungsjagd \u00fcber der Isar&#8220;, <span class=\"a-list-item\"><span class=\"a-text-bold\"> \u200e <\/span> <span class=\"a-text-bold\"> \u200e <\/span> 978-3968461281<\/span>, Oetinger\/Migo, 2025, Lesealter: 10+ (Klassens\u00e4tze gratis \u00fcber den Bayerischen Landtag unter <a href=\"http:\/\/www.isar-detektive.de\">www.isar-detektive.de<\/a>)<\/p>\n<h1>Sabrina J. Kirschner<\/h1>\n<p><img decoding=\"async\" loading=\"lazy\" class=\"size-full wp-image-114 alignright\" src=\"https:\/\/isarautoren.de\/wp-content\/uploads\/2018\/11\/Sabrina_300.jpg\" alt=\"\" width=\"300\" height=\"300\" srcset=\"https:\/\/isarautoren.de\/wp-content\/uploads\/2018\/11\/Sabrina_300.jpg 300w, https:\/\/isarautoren.de\/wp-content\/uploads\/2018\/11\/Sabrina_300-150x150.jpg 150w\" sizes=\"(max-width: 300px) 100vw, 300px\" \/>Sabrina J. Kirschner, in Freiburg im Breisgau aufgewachsen, studierte zun\u00e4chst BWL und Film an der CASS.<\/p>\n<p>Schon damals entdeckte sie ihre Liebe zum Schreiben und entschied sich darum im Anschluss zu einem Zweitstudium der Englischen Literatur und des Kreativen Schreibens an der London Metropolitan University.<\/p>\n<p>Mit der Nominierung ihrer englischsprachigen Kurzgeschichte \u201cThe Dead\u201d f\u00fcr den Sandra-Ashman-Preis in der Tasche, arbeitete sie dann u.a. als Drehbuch\u00fcbersetzerin und als Kinderbuchlektorin, bis sie beschloss, sich ganz aufs Schreiben zu konzentrieren.<\/p>\n<p><img decoding=\"async\" loading=\"lazy\" class=\"size-medium wp-image-115 alignright\" src=\"https:\/\/isarautoren.de\/wp-content\/uploads\/2018\/11\/IMG_2128-300x300.jpeg\" alt=\"\" width=\"300\" height=\"300\" srcset=\"https:\/\/isarautoren.de\/wp-content\/uploads\/2018\/11\/IMG_2128-300x300.jpeg 300w, https:\/\/isarautoren.de\/wp-content\/uploads\/2018\/11\/IMG_2128-150x150.jpeg 150w, https:\/\/isarautoren.de\/wp-content\/uploads\/2018\/11\/IMG_2128-768x768.jpeg 768w, https:\/\/isarautoren.de\/wp-content\/uploads\/2018\/11\/IMG_2128.jpeg 960w\" sizes=\"(max-width: 300px) 100vw, 300px\" \/><\/p>\n<p>Sabrinas Kinderbuchdeb\u00fct \u201cBotzplitz \u2013 Ein Opa f\u00fcr alle F\u00e4lle\u201c erschien 2016 im Gerstenberg Verlag und wurde f\u00fcr zahlreiche Publikumspreise nominiert. Seit 2017 st\u00fcrmt ihre, im Carlsen Verlag erschienene, actionreiche Abenteuerreihe \u201cDie unlangweiligste Schule der Welt\u201d die Klassenzimmer.<\/p>\n<p>Schon in ihrer Kindheit entdeckte Sabrina ihre Liebe zu den Pferden. Das von ihr ausgebildete Dressurpferd Di Sandro, gewann 2016 in der Europameisterschaft die Bronze Medaille f\u00fcr \u00d6sterreich. Erste abenteuerliche Geschichten f\u00fcr gro\u00dfe und kleine Pferdefans sind bereits in Vorbereitung \u2026<\/p>\n<p><a href=\"http:\/\/www.sabrinajkirschner.de\">www.sabrinajkirschner.de<\/a><\/p>\n<p><img decoding=\"async\" loading=\"lazy\" class=\"alignnone wp-image-112\" src=\"https:\/\/isarautoren.de\/wp-content\/uploads\/2018\/11\/die-unlangweiligste-schule-der-welt-1-auf-klassenfahrt_250.jpg\" alt=\"\" width=\"123\" height=\"180\" \/>\u00a0<img decoding=\"async\" loading=\"lazy\" class=\"alignnone size-full wp-image-672\" src=\"https:\/\/isarautoren.de\/wp-content\/uploads\/2022\/04\/Unheimliche_Wuensche.jpg\" alt=\"\" width=\"129\" height=\"180\" \/> <img decoding=\"async\" loading=\"lazy\" class=\"alignnone size-full wp-image-687\" src=\"https:\/\/isarautoren.de\/wp-content\/uploads\/2022\/08\/Storyworld.jpg\" alt=\"\" width=\"129\" height=\"180\" \/><\/p>\n<p>&#8222;Die unlangweiligste Schule der Welt \u2013 Auf Klassenfahrt&#8220;, Carlsen, 2017,\u00a0 978-3551653918, ab 8 Jahren<\/p>\n<p>&#8222;Das Buch er (un)heimlichen W\u00fcnsche&#8220;, Carlsen, 2022, <span class=\"a-list-item\">978-3551653260, ab 8 Jahren<\/span><\/p>\n<p>&#8222;Storyworld&#8220;, Loewe 2022, <span class=\"a-list-item\">978-3743209398<\/span>,\u00a0 ab 8 Jahren<\/p>\n<h1>Jessica Kremser<\/h1>\n<p><img decoding=\"async\" loading=\"lazy\" class=\"size-medium wp-image-1018 alignright\" src=\"https:\/\/isarautoren.de\/wp-content\/uploads\/2023\/11\/Jessica_Kremser-300x300.jpg\" alt=\"\" width=\"300\" height=\"300\" srcset=\"https:\/\/isarautoren.de\/wp-content\/uploads\/2023\/11\/Jessica_Kremser.jpg 300w, https:\/\/isarautoren.de\/wp-content\/uploads\/2023\/11\/Jessica_Kremser-150x150.jpg 150w\" sizes=\"(max-width: 300px) 100vw, 300px\" \/>Jessica Kremser wuchs am Chiemsee auf. Schon als Kind tauchte sie gerne ab \u2013 in den See und in die Welt der B\u00fccher und der Phantasie. Ihr erstes Kinderbuch (geschrieben in der 1. Klasse) handelte von der Freundschaft zwischen einem Tiger und einem Krokodil und trug v\u00f6llig folgerichtig den Titel \u201eTigi und Kroko\u201c. Heute lebt sie in M\u00fcnchen, verbringt aber immer noch so viel Zeit wie m\u00f6glich am See. F\u00fcr den Bayerischen Rundfunk hat sie schon mehrfach Geschichten f\u00fcr die Sendung <em>Betthupferl<\/em> geschrieben; bei Fischer\/Sauerl\u00e4nder sind ihre beiden Kinderb\u00fccher <em>Der kleine Notarztdrache<\/em> (Illustrationen: Katja Gehrmann) und <em>Luzie Raptor \u2013 Ferien mit Dino<\/em> (Illustrationen: Sonja Bougaeva) erschienen.<\/p>\n<p><strong>Lesungen:<\/strong><\/p>\n<p><img decoding=\"async\" loading=\"lazy\" class=\"size-medium wp-image-1019 alignright\" src=\"https:\/\/isarautoren.de\/wp-content\/uploads\/2023\/11\/Jessica_lesend-300x300.jpg\" alt=\"\" width=\"300\" height=\"300\" srcset=\"https:\/\/isarautoren.de\/wp-content\/uploads\/2023\/11\/Jessica_lesend.jpg 300w, https:\/\/isarautoren.de\/wp-content\/uploads\/2023\/11\/Jessica_lesend-150x150.jpg 150w\" sizes=\"(max-width: 300px) 100vw, 300px\" \/>Ich lese sehr gerne vor und meine Kinder wussten von Klein auf, dass sie mich zu einer Runde Vorlesen immer \u00fcberreden k\u00f6nnen. Bei Lesungen in Schulen beobachte ich besonders gerne die Reaktionen der Kinder: an welchen Stellen sie lachen, wann die Luft angehalten wird, wann die Augen gr\u00f6\u00dfer werden. Ich liebe es, die Fragen der Kinder zu beantworten und mit ihnen ins Gespr\u00e4ch zu kommen. Ich finde es faszinierend, wie viele von ihnen mir erz\u00e4hlen, dass sie selbst auch gerne Autorin oder Autor werden wollen. Der Nachwuchs der Isarautoren ist gesichert!<\/p>\n<p><img decoding=\"async\" loading=\"lazy\" class=\"alignnone size-full wp-image-1020\" src=\"https:\/\/isarautoren.de\/wp-content\/uploads\/2023\/11\/Notarztdrache.jpg\" alt=\"\" width=\"128\" height=\"180\" \/>\u00a0 <img decoding=\"async\" loading=\"lazy\" class=\"alignnone size-full wp-image-1021\" src=\"https:\/\/isarautoren.de\/wp-content\/uploads\/2023\/11\/Luzie_Raptor.jpg\" alt=\"\" width=\"127\" height=\"180\" \/><\/p>\n<p>&#8222;Der kleine Notarztdrache&#8220;, Sauerl\u00e4nder 2021, <span class=\"a-list-item\"><span class=\"a-text-bold\"> \u200e <\/span> 978-3737358118<\/span>, Lesealter: 5+<\/p>\n<p>&#8222;Luzie Raptor&#8220;, Sauerl\u00e4nder 2023, <span class=\"a-list-item\"><span class=\"a-text-bold\"> \u200e <\/span> 978-3737358934<\/span>, Lsealter: 5+<\/p>\n<p>\u00a0<\/p>\n<h1>Marianne Loibl<\/h1>\n<p><img decoding=\"async\" loading=\"lazy\" class=\" wp-image-303 alignright\" src=\"https:\/\/isarautoren.de\/wp-content\/uploads\/2019\/09\/Marianne.jpg\" alt=\"\" width=\"300\" height=\"300\" \/>Marianne Loibl, geboren 1967, lebt mit ihrer Familie in M\u00fcnchen und dachte sich schon als Kind gerne Geschichten aus. Als Teenager gewann sie einen Sonderpreis bei einem Schreibwettbewerb. Inzwischen hat sie viele Kinder- und Jugendb\u00fccher ver\u00f6ffentlicht, einige davon wurden in mehrere Sprachen \u00fcbersetzt. Ein Jugendroman mit der Thematik Vertreibung im Zweiten Weltkrieg war vielfach Klassenlekt\u00fcre und erschien unter ihrem M\u00e4dchennamen Brandl.<\/p>\n<p><a href=\"http:\/\/www.marianne-loibl.de\">www.marianne-loibl.de<\/a><\/p>\n<p><strong>Lesungen:<\/strong><\/p>\n<p>M\u00f6glichst viele junge Menschen vom Lesen und f\u00fcr B\u00fccher zu begeistern ist ein Herzenswunsch der Autorin. Daher freut sie sich, dass Rotary Club International die \u201eFaustdicken Freunde\u201c f\u00fcr ein bundesweites Lesef\u00f6rderprojekt ausgew\u00e4hlt hat.<\/p>\n<p><img decoding=\"async\" loading=\"lazy\" class=\"alignnone wp-image-300\" src=\"https:\/\/isarautoren.de\/wp-content\/uploads\/2019\/09\/FaustdickeFreunde.jpg\" alt=\"\" width=\"119\" height=\"180\" \/>\u00a0 <img decoding=\"async\" loading=\"lazy\" class=\"alignnone size-full wp-image-301\" src=\"https:\/\/isarautoren.de\/wp-content\/uploads\/2019\/09\/KleineBallerina.jpg\" alt=\"\" width=\"156\" height=\"180\" \/>\u00a0 <img decoding=\"async\" loading=\"lazy\" class=\"alignnone size-full wp-image-302\" src=\"https:\/\/isarautoren.de\/wp-content\/uploads\/2019\/09\/Sternenhimmel.jpg\" alt=\"\" width=\"126\" height=\"180\" \/><\/p>\n<p>\u201eFaustdicke Freunde\u201c\u00a0 ISBN 978-3-86740-161-6\u00a0 BVK Buchverlag Kempen; Lesealter 6+<\/p>\n<p>\u201eDie kleine Ballerina\u201c ISBN 978-3-401-08724-5\u00a0 Arena Verlag; Lesealter: 4+<\/p>\n<p>\u201eSternenhimmel\u201c\u00a0 \u00a0ISBN 978-3-942509-20-6\u00a0 Lichtland Verlag; Lesealter: 10+<\/p>\n<h1>Anna Ludwig<\/h1>\n<p><img decoding=\"async\" loading=\"lazy\" class=\"size-medium wp-image-886 alignright\" src=\"https:\/\/isarautoren.de\/wp-content\/uploads\/2023\/04\/Anna_Ludwig-300x300.jpg\" alt=\"\" width=\"300\" height=\"300\" srcset=\"https:\/\/isarautoren.de\/wp-content\/uploads\/2023\/04\/Anna_Ludwig.jpg 300w, https:\/\/isarautoren.de\/wp-content\/uploads\/2023\/04\/Anna_Ludwig-150x150.jpg 150w\" sizes=\"(max-width: 300px) 100vw, 300px\" \/>Anna Ludwig wurde 1976 in M\u00fcnchen geboren und hat schon in der Grundschule in jedes Freundebuch den Berufswunsch \u201eKinderbuchautorin\u201c geschrieben.\u00a0 Doch nach dem Abitur wurde sie erst einmal Texterin in Werbeagenturen in M\u00fcnchen und Hamburg, studierte dann Germanistik und Lehramt, bevor sie ihre ersten B\u00fccher bei dtv junior ver\u00f6ffentlichte. Es folgte eine Schreibpause, in der sie zwei Kinder bekam, als Lehrerin arbeitete und sp\u00e4ter dann noch Regie studierte.<\/p>\n<p>Mit ihrem Abschlussfilm, nat\u00fcrlich einem Kinderfilm, gewann sie zahlreiche internationale Preise. 2021\/22 war sie Stipendiatin der Akademie f\u00fcr Kindermedien. Anna Ludwig schreibt sowohl Kinder- als auch Drehb\u00fccher f\u00fcr Kinder.<\/p>\n<p><a href=\"http:\/\/www.annaludwig.de\">www.annaludwig.de<\/a><\/p>\n<p><strong><img decoding=\"async\" loading=\"lazy\" class=\"size-medium wp-image-1218 alignright\" src=\"https:\/\/isarautoren.de\/wp-content\/uploads\/2024\/11\/Anna_lesend-300x300.jpg\" alt=\"\" width=\"300\" height=\"300\" srcset=\"https:\/\/isarautoren.de\/wp-content\/uploads\/2024\/11\/Anna_lesend.jpg 300w, https:\/\/isarautoren.de\/wp-content\/uploads\/2024\/11\/Anna_lesend-150x150.jpg 150w\" sizes=\"(max-width: 300px) 100vw, 300px\" \/>Lesungen<\/strong><\/p>\n<p>Anna Ludwigs szenische Lesungen eignen sich f\u00fcr die erste bis vierte Klasse. Es wird lustig, spannend, auch mal ernst, aber vor allem: nie langweilig! Anna Ludwig bezieht die Kinder bei allen Lesungen spielerisch mit ein. Da wird die Weltkarte studiert, etwas \u00fcber den Regenwald gelernt, die Hundesprache analysiert, gespielt und sich verkleidet. Nat\u00fcrlich darf die Autorin auch mit Fragen gel\u00f6chert werden.<\/p>\n<p>\u00a0\u00a0\u00a0 <img decoding=\"async\" loading=\"lazy\" class=\"alignnone size-full wp-image-1007\" src=\"https:\/\/isarautoren.de\/wp-content\/uploads\/2023\/11\/Tabatinga.jpg\" alt=\"\" width=\"121\" height=\"180\" \/>\u00a0 <img decoding=\"async\" loading=\"lazy\" class=\"alignnone size-full wp-image-1213\" src=\"https:\/\/isarautoren.de\/wp-content\/uploads\/2024\/11\/Hund.jpg\" alt=\"\" width=\"117\" height=\"180\" \/> <img decoding=\"async\" loading=\"lazy\" class=\"alignnone size-full wp-image-1396\" src=\"https:\/\/isarautoren.de\/wp-content\/uploads\/2026\/01\/Wigo_Wolli.jpg\" alt=\"\" width=\"118\" height=\"180\" \/><\/p>\n<p>&#8222;Tabatinga, Ein Wasserschwein im Bademantel&#8220;, Planet, 2024, ISBN <span class=\"a-list-item\"><span class=\"a-text-bold\"> \u200e \u200e 978-3522508070, Lesealter: 8+<\/span><\/span><\/p>\n<p>&#8222;Mein Sommer als Hund&#8220;, Planet, 2025, ISBN <span class=\"a-list-item\"><span class=\"a-text-bold\"> \u200e <\/span> 978-3522508704<\/span>, Lesealter: 8+<\/p>\n<p>&#8222;Wigo &amp; Wolli&#8220;: Fr\u00fchliche Weihnachten, Planet, 2026, ISBN 9<span class=\"a-list-item\">78-3480241422<\/span>, Lesealter: 5+<\/p>\n<h1>Tanja Mairhofer<\/h1>\n<p><img decoding=\"async\" loading=\"lazy\" class=\" wp-image-419 alignright\" src=\"https:\/\/isarautoren.de\/wp-content\/uploads\/2021\/03\/Tanja_300r\u00a9Mathias_Vietmeier_2.jpg\" alt=\"\" width=\"270\" height=\"270\" \/>Tanja Mairhofer stammt aus einer Weltenbummlerfamilie. Sie ist in S\u00fcdafrika geboren und in \u00d6sterreich aufgewachsen. Seit mehr als zwanzig Jahren steht sie als Moderatorin und Schauspielerin vor der Kamera, u.a. f\u00fcr\u00a0<em>die Sendung mit dem Elefanten<\/em>,\u00a0<em>Kika Live, Viva 2<\/em>,\u00a0<em>Hubert und Staller<\/em>,\u00a0<em>Marienhof<\/em>,\u00a0<em>SOKO<\/em>, oder\u00a0<em>Matula<\/em>.<\/p>\n<p>Die mehrfach ausgezeichnete Journalistin ist seit 2013 als Buchautorin t\u00e4tig und schreibt zudem Drehb\u00fccher f\u00fcr diverse Fernsehsendungen.<\/p>\n<p>(Foto: Mathias Vietmeier)<\/p>\n<p><a href=\"http:\/\/www.tanja-mairhofer.de\">www.tanja-mairhofer.de<\/a><\/p>\n<p><strong>Lesungen:<img decoding=\"async\" loading=\"lazy\" class=\" wp-image-418 alignright\" src=\"https:\/\/isarautoren.de\/wp-content\/uploads\/2021\/03\/Tanja_lesend_300.jpg\" alt=\"\" width=\"270\" height=\"270\" \/><\/strong><\/p>\n<p>Bei ihren Lesungen greift Tanja Mairhofer auf ihre langj\u00e4hrige Kinderfernseherfahrung zur\u00fcck. So gestalten sich Lesungen als interaktive Spa\u00df-Events, bei denen viel Platz f\u00fcr den Austausch mit dem Publikum ist.\u00a0<\/p>\n<p>\u00a0<\/p>\n<p><img decoding=\"async\" loading=\"lazy\" class=\"alignnone size-full wp-image-417\" src=\"https:\/\/isarautoren.de\/wp-content\/uploads\/2021\/03\/Yoga-Quatsch-Kids_180.jpg\" alt=\"\" width=\"153\" height=\"180\" \/>\u00a0 <img decoding=\"async\" loading=\"lazy\" class=\"alignnone size-full wp-image-1127\" src=\"https:\/\/isarautoren.de\/wp-content\/uploads\/2024\/05\/Superbuch.jpg\" alt=\"\" width=\"129\" height=\"180\" \/>\u00a0 <img decoding=\"async\" loading=\"lazy\" class=\"alignnone size-full wp-image-1311\" src=\"https:\/\/isarautoren.de\/wp-content\/uploads\/2025\/04\/Tillystinkts.jpg\" alt=\"\" width=\"138\" height=\"180\" \/><\/p>\n<p>&#8222;Yoga Quatsch mit Kids&#8220;, Trias 2020, ISBN <span class=\"a-list-item\">978-3432111346<\/span>, ab jedem Alter<\/p>\n<p>&#8222;Dein Superbuch&#8220;, Karibu 2023, ISBN <span class=\"a-list-item\">978-3961292950<\/span>, Lesealter 8+<\/p>\n<p>&#8222;Tilly stinkt&#8217;s&#8220;, Karibu 2025, ISBN <span class=\"a-list-item\"><span class=\"a-text-bold\"> \u200e <\/span> 978-3961292974<\/span>, Lesealter: 3+<\/p>\n<h1>Nina M\u00fcller<\/h1>\n<p><img decoding=\"async\" loading=\"lazy\" class=\"size-full wp-image-321 alignright\" src=\"https:\/\/isarautoren.de\/wp-content\/uploads\/2019\/11\/nina_mu\u0308ller_klein.jpg\" alt=\"\" width=\"300\" height=\"300\" \/>Nina M\u00fcller, geboren in Bayreuth, studierte Design in Wiesbaden und Sydney, bevor sie viele Jahre als Art-Director in einer der renommiertesten Werbeagenturen Deutschlands arbeitete. Heute lebt sie in M\u00fcnchen und genie\u00dft das Erfinden, Schreiben und Illustrieren fantastischer Geschichten mit einzigartigen Charakteren f\u00fcr kleine Leser, gro\u00dfe Vorleser und neugierige Buchliebhaber.<\/p>\n<p>S\u00e4mtliche Papierb\u00fccher aus Nina M\u00fcllers Feder wurden von Comedian Ralf Schmitz in zauberhaft fr\u00f6hliche H\u00f6rb\u00fccher verwandelt.<\/p>\n<p><a href=\"http:\/\/www.kuschelflosse.de\">www.kuschelflosse.de<\/a><\/p>\n<p><em><strong><img decoding=\"async\" loading=\"lazy\" class=\"size-full wp-image-322 alignright\" src=\"https:\/\/isarautoren.de\/wp-content\/uploads\/2019\/11\/Nina-Lesung.jpg\" alt=\"\" width=\"300\" height=\"300\" \/><\/strong><\/em><strong>Lesungen:<\/strong><\/p>\n<p>Wenn die Kinder mit Nina M\u00fcller und Kuschelflosse in eine einzigartige Unterwasserwelt eintauchen, funkeln alle Augen und die \u00d6hrchen sind fr\u00f6hlich gespannt. Die Autorin und Illustratorin zeichnet einige Kreaturen live, w\u00e4hrend sie aus ihren liebevoll gestalteten B\u00fcchern liest. Dazu zaubert der schnurrende Kuschelflosse-Beamer blubberbunte Bilder zur Geschichte an die Wand. Fantasievolle Fragen sind jederzeit erlaubt \u2013 sowohl von der Autorin, als auch von den Kindern. Als Erinnerung an das interaktive Lesungs-Abenteuer darf sich jeder aus Kuschelflosses Schatztruhe eine kleine (unheimlich geheime) \u00dcberraschung mit nach Hause nehmen.<\/p>\n<p><img decoding=\"async\" loading=\"lazy\" class=\"alignnone size-full wp-image-318\" src=\"https:\/\/isarautoren.de\/wp-content\/uploads\/2019\/11\/Kuschelflosse-1.jpg\" alt=\"\" width=\"149\" height=\"180\" \/> \u00a0 <img decoding=\"async\" loading=\"lazy\" class=\"alignnone size-full wp-image-514\" src=\"https:\/\/isarautoren.de\/wp-content\/uploads\/2021\/11\/Kuschelflosse7.jpg\" alt=\"\" width=\"151\" height=\"180\" \/> \u00a0 <img decoding=\"async\" loading=\"lazy\" class=\"alignnone size-full wp-image-1325\" src=\"https:\/\/isarautoren.de\/wp-content\/uploads\/2025\/04\/Schnurrifluff.jpg\" alt=\"\" width=\"131\" height=\"180\" \/><\/p>\n<p>&#8222;Kuschelflosse \u2013 Das unheimlich geheime Zauber-Riff&#8220;, (Band 1), Magellan Verlag, 2014, ISBN 978-3-7348-2801-0, Lesealter: 4+<\/p>\n<p>&#8222;Kuschelflosse \u2013 Der knusperleckere Buchstaben-Klau&#8220; (Band 5),\u00a0 Magellan Verlag, 2021, ISBN 978-3-7348-2831-7, Lesealter: 4+<\/p>\n<p>&#8222;Schnurrfluff&#8220;, Coppenrath, 2025, ISBN <span class=\"a-list-item\"><span class=\"a-text-bold\"> \u200e <\/span> 978-3649647430, Lesealter 5+<\/span><\/p>\n<h1>Heike Nieder<\/h1>\n<p><img decoding=\"async\" loading=\"lazy\" class=\"size-full wp-image-226 alignright\" src=\"https:\/\/isarautoren.de\/wp-content\/uploads\/2019\/04\/heike_300.jpg\" alt=\"\" width=\"300\" height=\"300\" \/>hat drei Kinder im Kindergarten- bis Teenageralter, eine Redakteursstelle bei der gr\u00f6\u00dften M\u00fcnchner Tageszeitung und eine Vorliebe, die sie w\u00e4hrend ihrer dritten Elternzeit wiederentdeckte: Gedichte f\u00fcr Kinder zu schreiben. Im September 2017 fing sie an, unter\u00a0www.lyrikbrause.de\u00a0einige ihrer Verse zu ver\u00f6ffentlichen. Seitdem sind ihre Gedichte in zahlreichen Zeitungen, Zeitschriften (u.a. \u201eGecko\u201c, \u201eDas Gedicht\u201c) und Lehrmaterialien (u.a. des Westermann-Verlags) erschienen. Im Februar 2019 publizierte der Anaconda Verlag die von ihr herausgegebene Kinderlyrik-Anthologie \u201eEin Schnupfen hockt auf der Terrasse\u201c.\u00a0 Diese wurde im Juli 2019 von der Deutschen Akademie f\u00fcr Kinder- und Jugendliteratur als \u201eKinderbuch des Monats\u201c ausgezeichnet. F\u00fcr denselben Verlag hat sie 20 Gutenacht-Geschichten und -gedichte verfasst, die im Herbst 2019 auf den Markt gekommen sind. Im Dezember 2019 ver\u00f6ffentlichte der Universit\u00e4tsverlag Siegen sechs ihrer Gedichte in der Anthologie \u201eUnd jeden Morgen ein Gedicht. Neue Kinderlyrik von 12 Autoren\u201c. Die deutsche Akademie f\u00fcr Kinder- und Jugendliteratur publizierte ihre Gedichte in je einem Video f\u00fcr die Formate \u201eLyrikzeit\u201c und &#8222;Vorlesezeit&#8220; sowie als Audio im \u201eLyrischen Adventskalender 2020\u201c.<\/p>\n<p><a href=\"http:\/\/www.lyrikbrause.de\/\">www.lyrikbrause.de<\/a><\/p>\n<p><img decoding=\"async\" loading=\"lazy\" class=\"alignnone size-full wp-image-225\" src=\"https:\/\/isarautoren.de\/wp-content\/uploads\/2019\/04\/Schnupfen.jpg\" alt=\"\" width=\"127\" height=\"180\" \/>\u00a0 <img decoding=\"async\" loading=\"lazy\" class=\"alignnone size-full wp-image-315\" src=\"https:\/\/isarautoren.de\/wp-content\/uploads\/2019\/10\/GuteNachtGeschichten_180.jpg\" alt=\"\" width=\"126\" height=\"180\" \/><\/p>\n<p>&#8222;Ein Schnupfen hockt auf der Terrasse&#8220;, Anaconda, 2019. ISBN: 978-3-7306-0715-2, Lesealter: 5+<\/p>\n<p>&#8222;Das gro\u00dfe Gute-Nacht-Geschichten-Buch&#8220;, Anaconda, 2019. ISBN: 978-3-7306-0780-0, Lesealter: 5+<\/p>\n<h1>Cee Neudert<\/h1>\n<p><img decoding=\"async\" loading=\"lazy\" class=\"size-full wp-image-117 alignright\" src=\"https:\/\/isarautoren.de\/wp-content\/uploads\/2018\/11\/cn-jan2012-auch-ganz-schoen_300.jpg\" alt=\"\" width=\"300\" height=\"300\" srcset=\"https:\/\/isarautoren.de\/wp-content\/uploads\/2018\/11\/cn-jan2012-auch-ganz-schoen_300.jpg 300w, https:\/\/isarautoren.de\/wp-content\/uploads\/2018\/11\/cn-jan2012-auch-ganz-schoen_300-150x150.jpg 150w\" sizes=\"(max-width: 300px) 100vw, 300px\" \/>Cee Neudert schreibt abenteuerliche und phantastische Geschichten f\u00fcr Kinder zwischen 3 und 11 Jahren, besonders gern auch f\u00fcr Leseanf\u00e4nger.<\/p>\n<p>Man kann ihre Geschichten im Radio h\u00f6ren (\u201eBetthupferl\u201c, \u201eRadio Mikro\u201c) oder in B\u00fcchern lesen (z. B. bei Ravensburger, Thienemann und Baumhaus).<\/p>\n<p>Cee Neudert hei\u00dft au\u00dferhalb ihrer B\u00fccher Cornelia Neudert und lebt in Freising bei M\u00fcnchen.<\/p>\n<p><a href=\"http:\/\/www.zauberblau.de\">www.zauberblau.de<\/a><\/p>\n<p><strong><em>Lesungen:<\/em><\/strong><\/p>\n<p><img decoding=\"async\" loading=\"lazy\" class=\"size-full wp-image-219 alignright\" src=\"https:\/\/isarautoren.de\/wp-content\/uploads\/2019\/03\/ce_lesend.jpg\" alt=\"\" width=\"300\" height=\"300\" \/>Cee Neudert liest vor allem f\u00fcr Grundschulkinder und \u00e4ltere Kindergartenkinder, erz\u00e4hlt aber auch gerne Jugendlichen oder Erwachsenen von ihrer vielseitigen Arbeit. \u00dcber Beamer zeigt sie Bilder zu den Geschichten und dar\u00fcber, wie ein Buch entsteht. Das Publikum kann nat\u00fcrlich alle m\u00f6glichen Fragen stellen: zum B\u00fccherschreiben oder zur Arbeit beim Radio oder wie es ist, mit anderen Leuten zusammen B\u00fccher zu machen.<\/p>\n<p><img decoding=\"async\" loading=\"lazy\" class=\"alignnone size-full wp-image-690\" src=\"https:\/\/isarautoren.de\/wp-content\/uploads\/2022\/08\/englischeKinderlieder.jpg\" alt=\"\" width=\"156\" height=\"180\" \/> <img decoding=\"async\" loading=\"lazy\" class=\"alignnone size-full wp-image-957\" src=\"https:\/\/isarautoren.de\/wp-content\/uploads\/2023\/07\/Drachengeschichten.jpg\" alt=\"\" width=\"126\" height=\"180\" \/>\u00a0 <img decoding=\"async\" loading=\"lazy\" class=\"alignnone size-full wp-image-540\" src=\"https:\/\/isarautoren.de\/wp-content\/uploads\/2021\/11\/Eichh\u00f6rnchen.jpg\" alt=\"\" width=\"134\" height=\"180\" \/><\/p>\n<p>Meine sch\u00f6nsten englischen Kinderlieder, Ravensburger, 2022, ISBN: <span class=\"a-list-item\">978-3473492251<\/span>, Lesealter: 4+<\/p>\n<p>Leserabe: Drachengeschichten, Ravensburger, 2023, ISBN <span class=\"a-list-item\">978-3473462827<\/span><span class=\"a-list-item\">, Lesealter: 3-4<\/span><\/p>\n<p>&#8222;Mach&#8217;s gut, Eichh\u00f6rnchen&#8220;, Ravensburger, 2021, ISBN <span class=\"a-list-item\">978-3522459266<\/span>, Lesealter: 5+<\/p>\n<h1>Madlen Ottenschl\u00e4ger<\/h1>\n<p><img decoding=\"async\" loading=\"lazy\" class=\"size-medium wp-image-778 alignright\" src=\"https:\/\/isarautoren.de\/wp-content\/uploads\/2022\/11\/Madlen-300x300.jpg\" alt=\"\" width=\"300\" height=\"300\" srcset=\"https:\/\/isarautoren.de\/wp-content\/uploads\/2022\/11\/Madlen.jpg 300w, https:\/\/isarautoren.de\/wp-content\/uploads\/2022\/11\/Madlen-150x150.jpg 150w\" sizes=\"(max-width: 300px) 100vw, 300px\" \/>Madlen Ottenschl\u00e4ger, Jahrgang 1979, ist Herz-M\u00fcnchnerin. Hier studierte sie Neuere deutsche Literatur, Politik, Soziologie und Kommunikationswissenschaft. Hier besuchte sie die Deutsche Journalistenschule. Hier arbeitete sie einige Jahre als freie Journalistin, u.a. f\u00fcr &#8222;Brigitte&#8220;. Und ihre Tochter ist ein echtes M\u00fcnchner Kindl, in M\u00fcnchen geboren! Doch dann tauschte sie Isar gegen Donau. Mit ihrer Familie, ein Mann, zwei Kinder, kein Hund, aber Meerschweinchen, lebt sie nun in einer Kleinstadt an der bayerischen Grenze, in der N\u00e4he von Ulm. Ihre Kinderb\u00fccher erscheinen bei arsEdition, Carlsen, Esslinger und Annette Betz.<\/p>\n<div><a href=\"http:\/\/www.madlenottenschlaeger.de\" target=\"_blank\" rel=\"noopener\">www.madlenottenschlaeger.de<\/a>\n<p>\u00a0<\/p>\n<div>\n<div dir=\"ltr\" data-smartmail=\"gmail_signature\">\n<div dir=\"ltr\">\n<div dir=\"ltr\">\n<div dir=\"ltr\">\n<div>\u00a0<\/div>\n<div><strong><img decoding=\"async\" loading=\"lazy\" class=\"size-medium wp-image-779 alignright\" src=\"https:\/\/isarautoren.de\/wp-content\/uploads\/2022\/11\/Madlen_lesend-300x300.jpg\" alt=\"\" width=\"300\" height=\"300\" srcset=\"https:\/\/isarautoren.de\/wp-content\/uploads\/2022\/11\/Madlen_lesend.jpg 300w, https:\/\/isarautoren.de\/wp-content\/uploads\/2022\/11\/Madlen_lesend-150x150.jpg 150w\" sizes=\"(max-width: 300px) 100vw, 300px\" \/>Lesungen<\/strong><\/div>\n<div>Vorlesen geht nur gemeinsam. Nix da mit nur zuh\u00f6ren! Madlen Ottenschl\u00e4ger bezieht die Kinder bei ihren\u00a0Lesungen aktiv ein, es wird gereimt, geblubbert, gewiehert oder nach einem echt genialen Trut-Trick gefahndet, der die Trut, eine Mischung aus Trauer und Wut, vertreibt.<\/div>\n<div>\u00a0<\/div>\n<div>Na klar endet die Lesung erst, wenn Madlen Ottenschl\u00e4gers Bauch l\u00f6chrig wie ein Schweizer K\u00e4se ist &#8211; von ganz vielen Kinderfragen!<\/div>\n<\/div>\n<\/div>\n<\/div>\n<\/div>\n<\/div>\n<\/div>\n<div>\u00a0<\/div>\n<div>\u00a0<\/div>\n<div>\u00a0<\/div>\n<div>\n<div>\n<div dir=\"ltr\" data-smartmail=\"gmail_signature\">\n<div dir=\"ltr\">\n<div dir=\"ltr\">\n<div dir=\"ltr\">\n<div><span class=\"a-list-item\"><span class=\"a-text-bold\">\u200e\u00a0<\/span><\/span><img decoding=\"async\" loading=\"lazy\" class=\"alignnone size-full wp-image-1468\" src=\"https:\/\/isarautoren.de\/wp-content\/uploads\/2026\/01\/Knurrbaeren.jpg\" alt=\"\" width=\"119\" height=\"180\" \/> \u00a0<img decoding=\"async\" loading=\"lazy\" class=\"alignnone size-full wp-image-1469\" src=\"https:\/\/isarautoren.de\/wp-content\/uploads\/2026\/01\/Otto-Berge.jpg\" alt=\"\" width=\"140\" height=\"180\" \/>\u00a0 <img decoding=\"async\" loading=\"lazy\" class=\"alignnone size-full wp-image-1474\" src=\"https:\/\/isarautoren.de\/wp-content\/uploads\/2026\/01\/Krawallkehlchen.jpg\" alt=\"\" width=\"134\" height=\"180\" \/>\u00a0 \u00a0 \u00a0 \u00a0<\/div>\n<div>\u00a0<\/div>\n<div>&#8222;Wie man Knurrb\u00e4ren besiegt und Keksr\u00e4uber f\u00e4ngt&#8220;, Esslinger 2023, ISBN 978-3-480-23743-2, Lesealter: 6+<\/div>\n<div>&#8222;Otto f\u00e4hrt los &#8211; Ein Sommer in den Bergen&#8220;, arsEdition 2025, 978-3-8458-5918-7, Lesealter: 6+<\/div>\n<div>&#8222;Das Krawallkehlchen&#8220;, FischerSauerl\u00e4nder 2025, 978-3-7373-7346-3, Lese-Alter 4+<\/div>\n<div>\u00a0<\/div>\n<\/div>\n<\/div>\n<\/div>\n<\/div>\n<\/div>\n<\/div>\n<p><!--more--><\/p>\n<h1>Christine Paxmann<\/h1>\n<p><img decoding=\"async\" loading=\"lazy\" class=\"size-full wp-image-149 alignright\" src=\"https:\/\/isarautoren.de\/wp-content\/uploads\/2018\/12\/Christine_300_Ishtar-Najjar.jpg\" alt=\"\" width=\"300\" height=\"300\" srcset=\"https:\/\/isarautoren.de\/wp-content\/uploads\/2018\/12\/Christine_300_Ishtar-Najjar.jpg 300w, https:\/\/isarautoren.de\/wp-content\/uploads\/2018\/12\/Christine_300_Ishtar-Najjar-150x150.jpg 150w\" sizes=\"(max-width: 300px) 100vw, 300px\" \/>Jeder Leser m\u00f6chte unterhalten werden, ob gro\u00df oder klein. Das ist auch mein Antrieb, wenn ich schreibe. Egal ob Roman oder Sachbuch. Lesen muss Freude machen und im besten Fall wird man auch noch schlauer. Mit ein Grund, warum mich Sachb\u00fccher interessieren. Dazu kommt eine gro\u00dfe Lust am Herumalbern und Fabulieren \u2013 s\u00e4mtliche Romane, die alle f\u00fcr ein Lesealter zwischen 10 und 1 geschrieben sind, eint das \u201eAugenzwinkern\u201c. Wem das zu wenig ernst ist, der kann mit dem \u201eLapislazuliherz\u201c in die Welt des Historienromans eintauchen, oder sich gleich in die Erwachsenenwelt begeben und unter dem Pseudonym Nora Bernstein f\u00fcndig werden. Ach ja, Lesungen mache ich nat\u00fcrlich auch, am liebsten zu den Sachbuchthemen (es gibt noch weitere Titel in der Was-ist-Was-Reihe und bei Prestel Junior zum Thema Architektur). (Foto: Ishtar Najjar)<\/p>\n<p><a href=\"http:\/\/www.christinepaxmann.de\">www.christinepaxmann.de<\/a><\/p>\n<p><strong>\u00a0<img decoding=\"async\" loading=\"lazy\" class=\"alignnone  wp-image-700\" src=\"https:\/\/isarautoren.de\/wp-content\/uploads\/2022\/08\/DemokratiefuerKids-227x300.jpg\" alt=\"\" width=\"136\" height=\"180\" srcset=\"https:\/\/isarautoren.de\/wp-content\/uploads\/2022\/08\/DemokratiefuerKids-227x300.jpg 227w, https:\/\/isarautoren.de\/wp-content\/uploads\/2022\/08\/DemokratiefuerKids-776x1024.jpg 776w, https:\/\/isarautoren.de\/wp-content\/uploads\/2022\/08\/DemokratiefuerKids-768x1013.jpg 768w, https:\/\/isarautoren.de\/wp-content\/uploads\/2022\/08\/DemokratiefuerKids.jpg 902w\" sizes=\"(max-width: 136px) 100vw, 136px\" \/>\u00a0 <img decoding=\"async\" loading=\"lazy\" class=\"alignnone  wp-image-1485\" src=\"https:\/\/isarautoren.de\/wp-content\/uploads\/2026\/02\/Geld.jpg\" alt=\"\" width=\"150\" height=\"185\" \/> <img decoding=\"async\" loading=\"lazy\" class=\"alignnone size-full wp-image-1486\" src=\"https:\/\/isarautoren.de\/wp-content\/uploads\/2026\/02\/Kacke2.jpg\" alt=\"\" width=\"140\" height=\"180\" \/>\u00a0<\/strong><\/p>\n<p>&#8222;Demokratie f\u00fcr Kids&#8220;, Dorling Kindersley, 2021, ISBN <span class=\"a-list-item\"><span class=\"a-text-bold\"> \u200e <\/span> 978-3831043262<\/span>, Lesealter: 8+<\/p>\n<p>&#8222;So geht&#8217;s, Geld f\u00fcr Kids erkl\u00e4rt&#8220;, Dorling Kindersley, 2026<span class=\"a-list-item\"><span class=\"a-text-bold\"> \u200e <\/span> 978-3831052646<\/span>, ISBN <span class=\"a-list-item\"><span class=\"a-text-bold\"> \u200e <\/span> 978-3845842998<\/span>, Lesealter: 10+<\/p>\n<p>Was Kacke alles kann, Loewe, 2026 , ISBN <span class=\"a-list-item\">978-3743219830<\/span>, Lesealter: 7+<\/p>\n<h1>Oliver P\u00f6tzsch<\/h1>\n<p>Wurde 1970 in M\u00fcnchen geboren und hat seine Lieblingsstadt auch noch <img decoding=\"async\" loading=\"lazy\" class=\"size-full wp-image-91 alignright\" src=\"https:\/\/isarautoren.de\/wp-content\/uploads\/2018\/11\/OliverP\u00f6tzsch_Gerald-von-Foris_300.jpg\" alt=\"\" width=\"300\" height=\"300\" srcset=\"https:\/\/isarautoren.de\/wp-content\/uploads\/2018\/11\/OliverP\u00f6tzsch_Gerald-von-Foris_300.jpg 300w, https:\/\/isarautoren.de\/wp-content\/uploads\/2018\/11\/OliverP\u00f6tzsch_Gerald-von-Foris_300-150x150.jpg 150w\" sizes=\"(max-width: 300px) 100vw, 300px\" \/>nie l\u00e4nger als f\u00fcr ein paar Monate verlassen. Lebt mit seiner Frau und den beiden pubertierenden Kindern in einem Reihenh\u00e4uschen in Laim und ist neben seinen Hobbies als Familienkoch, Bergsteiger, Tomatenz\u00fcchter, Gitarrist und Souls\u00e4nger hauptberuflich als Schriftsteller t\u00e4tig. Eigentlich schreibt er historische Romane f\u00fcr Erwachsene, die meist ziemlich blutig sind und seine Scharfrichter-Vorfahren im Mittelpunkt haben. Weil seine Familie aber sonst vor ihm Angst bekommt, hat er auch einige Kinder- und Jugendb\u00fccher verfasst, darunter \u201eKuno Kettenstrumpf\u201c f\u00fcr Grundschulkinder und die Reihe \u201eDie Schwarzen Musketiere\u201c f\u00fcr Jugendliche. (Foto: Gerald von Foris)<\/p>\n<p><a href=\"http:\/\/www.oliver-poetzsch.de\">www.oliver-poetzsch.de<\/a><\/p>\n<p><strong>Lesungen:<\/strong><\/p>\n<p><img decoding=\"async\" loading=\"lazy\" class=\" wp-image-90 alignright\" src=\"https:\/\/isarautoren.de\/wp-content\/uploads\/2018\/11\/P\u00f6tzsch_Rasputin.jpg\" alt=\"\" width=\"300\" height=\"300\" srcset=\"https:\/\/isarautoren.de\/wp-content\/uploads\/2018\/11\/P\u00f6tzsch_Rasputin.jpg 300w, https:\/\/isarautoren.de\/wp-content\/uploads\/2018\/11\/P\u00f6tzsch_Rasputin-150x150.jpg 150w\" sizes=\"(max-width: 300px) 100vw, 300px\" \/>Lesungen mit Oliver P\u00f6tzsch sind unterhaltsamer, niemals langweiliger Geschichts-unterricht. \u00a0Je nach Alter hat P\u00f6tzsch jede Menge mittelalterlicher Waffen dabei, die die Kinder auch ausprobieren d\u00fcrfen. Au\u00dferdem ein Kettenhemd, eine Kettenhaube, Schatzkisten, eine magische Silberlanze und, und, und \u2026 Mit Jugendlichen erkundet er das Geheimnis des Schie\u00dfpulvers, kleinere Kinder bekommen von ihm einen Zaubertrank, der vor dem Traurigwerden sch\u00fctzt. P\u00f6tzsch komponiert selbst Lieder, die er mit den Kindern singt. Er spielt mit Puppen, und er freut sich immer, wenn ihm die Kinder nach der Lesung Bilder malen oder Geschichten schreiben.<\/p>\n<p><em><strong>Schreibkurse:<\/strong><\/em><\/p>\n<p>Schreibkurse mit Filmsequenzen aus bekannten Kinderfilmen gibt der Autor f\u00fcr jede Altersklasse. Jedes Kind bekommt am Ende eine Urkunde ausgestellt und erh\u00e4lt eine Autogrammkarte.<\/p>\n<p>Leseagentur: B\u00fccherexpress Rothwinkler\u00a0<u><a href=\"mailto:Rothwinkler@t-online.de\">Rothwinkler@t-online.de<\/a><\/u><\/p>\n<p>Agentur: Agentur Gerd. F. Rumler, <a href=\"mailto:rumler@agentur-rumler.de\">rumler@agentur-rumler.de<\/a><\/p>\n<p><img decoding=\"async\" loading=\"lazy\" class=\"alignnone wp-image-92\" src=\"https:\/\/isarautoren.de\/wp-content\/uploads\/2018\/11\/Kuno_180.jpg\" alt=\"\" width=\"128\" height=\"180\" \/>\u00a0 \u00a0\u00a0<span class=\"a-list-item\"><span class=\"a-text-bold\"> <img decoding=\"async\" loading=\"lazy\" class=\"alignnone size-full wp-image-950\" src=\"https:\/\/isarautoren.de\/wp-content\/uploads\/2023\/07\/Musketiere3.jpg\" alt=\"\" width=\"127\" height=\"180\" \/>\u00a0 \u00a0 \u00a0<img decoding=\"async\" loading=\"lazy\" class=\"alignnone size-full wp-image-1478\" src=\"https:\/\/isarautoren.de\/wp-content\/uploads\/2026\/01\/Zauberbaum.jpg\" alt=\"\" width=\"127\" height=\"180\" \/><\/span><\/span><\/p>\n<p>&#8222;Ritter Kuno Kettenstrumpf&#8220;, Thienemann-Esslinger 2014, ISBN-10: 3522183932, Lesealter: 5-9<\/p>\n<p>&#8222;Die schwarzen Musketiere \u2013 Das Buch der Nacht&#8220;, Lago 2023, ISBN-10: <span class=\"a-list-item\"><span class=\"a-text-bold\"> \u200e <\/span> 978-3957612335<\/span>, Lesealter-14+<\/p>\n<p>&#8222;Lara, Viktor und der Zauberbaum&#8220;, Penguin 2026, ISBN <span class=\"a-list-item\"><span class=\"a-text-bold\"> \u200e <\/span> 978-3328304241<\/span>, Lesealter: 6+<\/p>\n<h1>Mirjam Raymond<\/h1>\n<p><img decoding=\"async\" loading=\"lazy\" class=\"size-medium wp-image-1129 alignright\" src=\"https:\/\/isarautoren.de\/wp-content\/uploads\/2024\/05\/Foto_Mirjam_Raymond-300x300.jpg\" alt=\"\" width=\"300\" height=\"300\" srcset=\"https:\/\/isarautoren.de\/wp-content\/uploads\/2024\/05\/Foto_Mirjam_Raymond.jpg 300w, https:\/\/isarautoren.de\/wp-content\/uploads\/2024\/05\/Foto_Mirjam_Raymond-150x150.jpg 150w\" sizes=\"(max-width: 300px) 100vw, 300px\" \/>Geboren wurde ich in M\u00fcnchen als Tochter kroatischer Einwanderer. Schon als Kind erlebte ich, dass die Sprache ein m\u00e4chtiger Schl\u00fcssel ist, der Welten vernetzt und Horizonte er\u00f6ffnet. Nicht nur privat, sondern auch beruflich. Ich bin Verlagskauffrau, studierte Germanistik, Kommunikationswissenschaften und audiovisuelle Medien in M\u00fcnchen und London. Nach dem Studium arbeitete ich als Journalistin und beim Animationsfilm, ehe ich zum Dokumentarfilm kam.<\/p>\n<p>\u00dcber Jahre hinweg schrieb ich an eigenen Buch- und Filmprojekten. Am liebsten f\u00fcr Kinder und Jugendliche, denn junge Menschen sind Entdecker, Forscher, Abenteurer. Mit ihnen kann ich durch eine Welt reisen, die keine Grenzen hat. Alles ist m\u00f6glich. Und genau das ist es, was ich an diesem Genre liebe.<\/p>\n<p><img decoding=\"async\" loading=\"lazy\" class=\"size-medium wp-image-1130 alignright\" src=\"https:\/\/isarautoren.de\/wp-content\/uploads\/2024\/05\/Mirjam_lesend-300x300.jpg\" alt=\"\" width=\"300\" height=\"300\" srcset=\"https:\/\/isarautoren.de\/wp-content\/uploads\/2024\/05\/Mirjam_lesend.jpg 300w, https:\/\/isarautoren.de\/wp-content\/uploads\/2024\/05\/Mirjam_lesend-150x150.jpg 150w\" sizes=\"(max-width: 300px) 100vw, 300px\" \/>Im Jahr 2022 erhielt ich ein Stipendium der Akademie f\u00fcr Kindermedien, 2023 ein Literaturstipendium der Landeshauptstadt M\u00fcnchen f\u00fcr den Bereich Kinderbuch. 2025 erscheint mein Deb\u00fctroman f\u00fcr Kinder ab 10 Jahren im S. Fischer Kinder- und Jugendbuch Verlag.<\/p>\n<p><a href=\"http:\/\/www.mirjamraymond.com\">www.mirjamraymond.com<\/a><\/p>\n<p><img decoding=\"async\" loading=\"lazy\" class=\"alignnone size-full wp-image-1211\" src=\"https:\/\/isarautoren.de\/wp-content\/uploads\/2024\/11\/Amin.jpg\" alt=\"\" width=\"118\" height=\"180\" \/>\u00a0 \u00a0<img decoding=\"async\" loading=\"lazy\" class=\"alignnone size-full wp-image-1408\" src=\"https:\/\/isarautoren.de\/wp-content\/uploads\/2026\/01\/Banditensommer-1.jpg\" alt=\"\" width=\"128\" height=\"180\" \/><\/p>\n<p>&#8222;Von Null auf Held. Oder: Wer ist eigentlich Amin?&#8220;, Fischer Sauerl\u00e4nder, 2025, ISBN <span class=\"a-list-item\"><span class=\"a-text-bold\"> \u200e <\/span> 978-3737343930<\/span>, Lesealter 10+&#8220;Banditensommer&#8220;, Fischer Sauerl\u00e4nder, 2026, ISBN <span class=\"a-list-item\"><span class=\"a-text-bold\"> \u200e <\/span> 978-3764193881<\/span>, Lesealter 10+<\/p>\n<h1>Wiebke Rhodius<\/h1>\n<p><img decoding=\"async\" loading=\"lazy\" class=\"size-full wp-image-290 alignright\" src=\"https:\/\/isarautoren.de\/wp-content\/uploads\/2019\/09\/Wiebke_Rhodius_300.jpg\" alt=\"\" width=\"300\" height=\"300\" \/>Wiebke Rhodius wurde im Februar 1980 in M\u00fcnchen geboren und ist im Rheinland aufgewachsen. Schon als kleines M\u00e4dchen f\u00fcllte sie ganze Hefte mit ihren selbsterfundenen Geschichten. Sie hat dann aber erstmal Jura studiert und als Rechtsanw\u00e4ltin gearbeitet. Nach der Geburt ihrer beiden S\u00f6hne hat sie sich endlich ihren Traum erf\u00fcllt und das Schreiben f\u00fcr sich wiederentdeckt. Heute lebt die Autorin mit ihrer Familie in der N\u00e4he von M\u00fcnchen und verfasst B\u00fccher f\u00fcr Kinder, Jugendliche und Erwachsene.<\/p>\n<p><a href=\"https:\/\/www.wiebke-rhodius.de\/\">www.wiebke-rhodius.de<\/a><\/p>\n<p><strong>Lesungen:<\/strong><\/p>\n<p>In ihren Lesungen zu \u201eLenni &amp; Luis\u201c nimmt Wiebke Rhodius die Kinder mit in die ausgefallene Ideenwelt der chaotischen Zwillinge. Anhand einzelner lustiger Episoden aus dem Buch stellt die Autorin die Charaktere und deren Einf\u00e4lle in den Mittelpunkt der Lesung. Die Kinder werden durch Quiz- und R\u00e4tselfragen dazu animiert, eigene Ideen zum weiteren Geschehen zu entwickeln. Es bereitet Kindern gro\u00dfen Spa\u00df, sich m\u00f6gliche Streiche, lustige L\u00f6sungen und auch alternative Handlungsstr\u00e4nge auszudenken. Au\u00dferdem sind Fragen aller Art zum Buch und zur Autorin ausdr\u00fccklich willkommen!<\/p>\n<p><img decoding=\"async\" loading=\"lazy\" class=\"alignnone  wp-image-692\" src=\"https:\/\/isarautoren.de\/wp-content\/uploads\/2022\/08\/KidsinBlack.jpg\" alt=\"\" width=\"125\" height=\"181\" \/> <img decoding=\"async\" loading=\"lazy\" class=\"alignnone size-full wp-image-984\" src=\"https:\/\/isarautoren.de\/wp-content\/uploads\/2023\/11\/Luis_Lenni.jpg\" alt=\"\" width=\"130\" height=\"180\" \/>\u00a0 <img decoding=\"async\" loading=\"lazy\" class=\"alignnone  wp-image-985\" src=\"https:\/\/isarautoren.de\/wp-content\/uploads\/2023\/11\/Wuff.jpg\" alt=\"\" width=\"118\" height=\"180\" \/>\u00a0<\/p>\n<p>&#8222;Kids in Black&#8220;, Thienemann-Esslinger-Verlag\/Planet! 2022, ISBN <span class=\"a-list-item\">978-3522507066<\/span>, Lesealter ab 8 Jahren<\/p>\n<div class=\"\">&#8222;Lenni &amp; Luis&#8220; &#8211; Attacke, Schimmelbacke! Thienemann-Esslinger-Verlag\/Planet!, ISBN <span class=\"\">978-3522506182, Lesealter ab 8 Jahren<\/span><\/div>\n<div class=\"\">\u00a0<\/div>\n<div class=\"\">&#8222;Wo steckt Wuff? Auf wundersamen Wegen durch die Stadt, Thienemann-Esslinger-Verlag\/Esslinger, ISBN <span class=\"\">978-3480238781, Lesealter ab 5 Jahren<\/span><\/div>\n<h1>Annette R\u00f6der<\/h1>\n<p class=\"Text\"><img decoding=\"async\" loading=\"lazy\" class=\"size-full wp-image-158 alignright\" src=\"https:\/\/isarautoren.de\/wp-content\/uploads\/2019\/01\/Annette_300.jpg\" alt=\"\" width=\"300\" height=\"300\" srcset=\"https:\/\/isarautoren.de\/wp-content\/uploads\/2019\/01\/Annette_300.jpg 300w, https:\/\/isarautoren.de\/wp-content\/uploads\/2019\/01\/Annette_300-150x150.jpg 150w\" sizes=\"(max-width: 300px) 100vw, 300px\" \/>M\u00fcnchner Kindl, seitdem im November 1968 der erste Schnee des Jahres fiel. Dachte zuerst, sie m\u00fcsse wie der Gro\u00dfteil ihrer Ahnen Architektin werden, hat nach kurzer Zeit im Beruf aber beschlossen, doch lieber ihre eigenen Welten ohne Bauparagraphen zu planen. Darum schreibt sie nun Kinder- und Jugendb\u00fccher &#8211; manchmal auch Historisches unter dem M\u00e4dchennamen ihrer Gro\u00dfmutter Helen Abele. Lebt mit ihren drei Kindern im sch\u00f6nen M\u00fcnchner S\u00fcden und l\u00e4sst sich dort von ihrem Hund Gusti durch die Isarauen ziehen.<\/p>\n<p><a href=\"http:\/\/www.annetteroeder.com\">www.annetteroeder.com<\/a><\/p>\n<p class=\"Text\"><em><strong>Lesungen:<\/strong><\/em><\/p>\n<p class=\"Text\">Zu Lesungen f\u00e4hrt Annette Roeder oft und gerne! Dabei versucht sie Kindern ab der 1. Klasse mit viel K\u00f6rpereinsatz und ohne technische Hilfsmittel Spa\u00df am Zuh\u00f6ren, Kopfbilder-Sehen und Weiterlesen zu vermitteln.<\/p>\n<p><img decoding=\"async\" loading=\"lazy\" class=\"alignnone size-full wp-image-959\" src=\"https:\/\/isarautoren.de\/wp-content\/uploads\/2023\/07\/Reiz-niemals.jpg\" alt=\"\" width=\"125\" height=\"180\" \/>\u00a0 \u00a0\u00a0<img decoding=\"async\" loading=\"lazy\" class=\"alignnone size-full wp-image-1237\" src=\"https:\/\/isarautoren.de\/wp-content\/uploads\/2024\/12\/Krumpflinge_11.jpg\" alt=\"\" width=\"133\" height=\"180\" \/> <img decoding=\"async\" loading=\"lazy\" class=\"alignnone  wp-image-1358\" src=\"https:\/\/isarautoren.de\/wp-content\/uploads\/2025\/09\/grafik-3-194x300.png\" alt=\"\" width=\"116\" height=\"179\" srcset=\"https:\/\/isarautoren.de\/wp-content\/uploads\/2025\/09\/grafik-3-194x300.png 194w, https:\/\/isarautoren.de\/wp-content\/uploads\/2025\/09\/grafik-3.png 210w\" sizes=\"(max-width: 116px) 100vw, 116px\" \/><\/p>\n<p class=\"Text\">&#8222;Reiz niemals einen Drachen&#8220;, Karibu 2023, ISBN-13: <span class=\"a-list-item\">978-3961293087<\/span>, Lesealter 10+<br \/>&#8222;Die Krumpflinge: Egon und der Schrumpfzauber&#8220;, cbj 2024, ISBN-13: <span class=\"a-list-item\">978-3570181010<\/span>, Lesealter 6+<br \/>&#8222;Frag Philomena Freud: Die Perlenspinne&#8220;, Knesebeck, 2025, ISBN: <span class=\"a-list-item\">978-3957289827<\/span>, Lesealter: 12+<\/p>\n<h1><strong>Margit Ruile<\/strong><\/h1>\n<p><img decoding=\"async\" loading=\"lazy\" class=\"size-full wp-image-213 alignright\" src=\"https:\/\/isarautoren.de\/wp-content\/uploads\/2019\/03\/Margit.jpg\" alt=\"\" width=\"300\" height=\"300\" \/>Ich bin in Augsburg geboren und aufgewachsen und ging dort auf das Gymnasium, in dem 70 Jahre vorher auch Bertolt Brecht das Abitur ablegte. Das hat mich nachhaltig beeinflusst und so studierte ich in M\u00fcnchen zun\u00e4chst Theaterwissenschaft. Ich wollte Theaterst\u00fccke und Romane schreiben und damit die Welt ver\u00e4ndern und merkte aber schnell, dass das Studium zu diesem Zweck recht ungeeignet war. So bewarb mich an der Filmhochschule, wo ich zu meiner gro\u00dfen \u00dcberraschung angenommen wurde. Dort lernte ich eine Kamera zu bedienen, einen Film zu schneiden und Geschichten zu erz\u00e4hlen. Nach vielen Jahren beim Film hatte ich mein urspr\u00fcngliches Ziel Schriftstellerin zu werden fast aus den Augen verloren. Da holte mich die Sehnsucht danach doch noch ein. Neun Monate lang schrieb ich, bangte und hatte Angst, es nicht zu schaffen. Doch dann war es da, das erste Buch und es war wie eine Erl\u00f6sung. Ich fand eine Agentin und einen Verlag, der mir anbot, daraus eine Trilogie zu machen. Ich sehe mich heute immer noch als Grenzg\u00e4ngerin zwischen Film und Buch. Und zwischen Kinder- und Jugendb\u00fcchern. Ich mag es, das Phantastische in die Welt zu holen und trotzdem mit beiden Beinen auf dem Boden zu stehen. Und ich glaube immer noch, dass wir mit dem Wort zaubern und die Welt ver\u00e4ndern k\u00f6nnen.<\/p>\n<div class=\"\">\n<div class=\"\"><a href=\"http:\/\/www.margitruile.de\">www.margitruile.de<\/a><\/div>\n<\/div>\n<p><strong><img decoding=\"async\" loading=\"lazy\" class=\"size-full wp-image-212 alignright\" src=\"https:\/\/isarautoren.de\/wp-content\/uploads\/2019\/03\/Margit_lesend.jpg\" alt=\"\" width=\"300\" height=\"300\" \/><\/strong><strong>Lesungen<\/strong> &#8230;<\/p>\n<p>&#8230;empfinde ich immer als die Highlights meiner T\u00e4tigkeit. Dort kann ich der Einsamkeit des Schreibens entfliehen, begegne den Lesern und freue mich, wenn wir zusammen diskutieren. K\u00f6nnen wir Bildern trauen, k\u00f6nnen wir mit Robotern befreundet sein, was ist k\u00fcnstliche Intelligenz und k\u00f6nnen wir sie nutzen? Bei den Kinderb\u00fcchern verlasse ich mich auf die Kraft meiner Worte und der Imagination der Kinder. Der sch\u00f6nste Moment ist, wenn ich es schaffe beim Vorlesen diesen gespannten Moment der Stille zu erzeugen, in dem mich mehrere Dutzend Augenpaare aufgeregt anstarren.<\/p>\n<p><img decoding=\"async\" loading=\"lazy\" class=\"alignnone size-full wp-image-928\" src=\"https:\/\/isarautoren.de\/wp-content\/uploads\/2023\/07\/Nelumbiya.jpg\" alt=\"\" width=\"128\" height=\"180\" \/>\u00a0<img decoding=\"async\" loading=\"lazy\" class=\"alignnone size-full wp-image-216\" src=\"https:\/\/isarautoren.de\/wp-content\/uploads\/2019\/03\/DarkNoise.jpg\" alt=\"\" width=\"118\" height=\"180\" \/>\u00a0<img decoding=\"async\" loading=\"lazy\" class=\"alignnone size-full wp-image-407\" src=\"https:\/\/isarautoren.de\/wp-content\/uploads\/2021\/03\/Zwillingscode.jpg\" alt=\"\" width=\"115\" height=\"180\" \/><\/p>\n<p>&#8222;Nelumbiya&#8220;, Arena, 2023, ISBN <span class=\"a-list-item\">978-3401606675<\/span>, Lesealter: 10+<\/p>\n<p>&#8222;Dark Noise&#8220;, Loewe, 2017, ISBN 978-3785584460, Lesealter: 14+<\/p>\n<p>&#8222;Der Zwillingscode&#8220;, Loewe, 2020, ISBN <span class=\"a-list-item\">978-3743203242<\/span>, Lesealter: 12+<\/p>\n<h1>Anne Schieckel\/Katja Samt<\/h1>\n<p><img decoding=\"async\" loading=\"lazy\" class=\"size-full wp-image-119 alignright\" src=\"https:\/\/isarautoren.de\/wp-content\/uploads\/2018\/11\/Katja_Samt.jpg\" alt=\"\" width=\"300\" height=\"300\" srcset=\"https:\/\/isarautoren.de\/wp-content\/uploads\/2018\/11\/Katja_Samt.jpg 300w, https:\/\/isarautoren.de\/wp-content\/uploads\/2018\/11\/Katja_Samt-150x150.jpg 150w\" sizes=\"(max-width: 300px) 100vw, 300px\" \/>Ich wurde ganz oben in Norddeutschland, in L\u00fcbeck geboren. Aufgewachsen und zur Schule gegangen bin ich in Heidelberg, Salzburg, Graz und in der N\u00e4he von M\u00fcnchen. Sieben Jahre meiner Schulzeit verbrachte ich freiwillig in einem M\u00e4dcheninternat in Oberbayern. Danach war wenigstens eines klar: Mein Beruf sollte und wird mit B\u00fcchern zu tun haben. Nach Studium und Buchh\u00e4ndlerlehre arbeitete ich viele Jahre als Lektorin f\u00fcr verschiedene Buchverlage. Seit 2015 bin ich als freie Autorin t\u00e4tig und schreibe f\u00fcr Kinder, Jugendliche und Erwachsene.<br \/>Heute lebe ich mit meiner Familie in M\u00fcnchen und in Uffing am Staffelsee, wo beide B\u00fccher von Josie Eckstein und ihren Freunden entstanden sind.<\/p>\n<p><a href=\"http:\/\/www.katja-samt.de\/\">www.katja-samt.de<\/a><\/p>\n<p><strong>Lesungen:<\/strong><\/p>\n<p><img decoding=\"async\" loading=\"lazy\" class=\"size-full wp-image-120 alignright\" src=\"https:\/\/isarautoren.de\/wp-content\/uploads\/2018\/11\/Katja_Samt_lesend.jpg\" alt=\"\" width=\"300\" height=\"300\" srcset=\"https:\/\/isarautoren.de\/wp-content\/uploads\/2018\/11\/Katja_Samt_lesend.jpg 300w, https:\/\/isarautoren.de\/wp-content\/uploads\/2018\/11\/Katja_Samt_lesend-150x150.jpg 150w\" sizes=\"(max-width: 300px) 100vw, 300px\" \/>In den B\u00fcchern von Josie Eckstein und ihren Freunden werden Themen wie Abschied und Neuanfang als ganz und gar positive Entwicklung beschrieben. Sie alle sind eigenst\u00e4ndig unterwegs und erleben viel &#8211; auch ohne ihre Eltern. Jeder schaut dabei auf jeden und aufkommende Rivalit\u00e4ten werden untereinander ausgetragen. Mit wenigen Worten, wird oft viel gesagt. Und der Humor bleibt dabei auch nicht auf der Strecke! Katja Samt tritt bei ihren Lesungen ganz bewusst auch in einen offenen Dialog mit ihren Zuh\u00f6rern. Beliebte Hobbys wie Sport und Musik, aber auch die Liebe zu Tieren, werden gerne untereinander verglichen und thematisiert.<\/p>\n<p><img decoding=\"async\" loading=\"lazy\" class=\"alignnone size-full wp-image-121\" src=\"https:\/\/isarautoren.de\/wp-content\/uploads\/2018\/11\/Samt_Josie_Eckstein_1_ARTK_CT0_9783446253094_0001.jpg\" alt=\"\" width=\"110\" height=\"180\" \/>\u00a0<img decoding=\"async\" loading=\"lazy\" class=\"alignnone size-full wp-image-942\" src=\"https:\/\/isarautoren.de\/wp-content\/uploads\/2023\/07\/Honigbiene-1.jpg\" alt=\"\" width=\"118\" height=\"180\" \/> <img decoding=\"async\" loading=\"lazy\" class=\"alignnone size-full wp-image-525\" src=\"https:\/\/isarautoren.de\/wp-content\/uploads\/2021\/11\/Oskar.jpg\" alt=\"\" width=\"117\" height=\"180\" \/><\/p>\n<p>&#8222;Josie Eckstein- Aufbruch ins Abenteuer (Band 1)&#8220;; mit Illustrationen von Almud Kunert, Hanser Verlag, ISBN 978-3-446-25309-4; Lesealter: 9 +<\/p>\n<p>&#8222;Deutsch, Einsatz f\u00fcr die Honigbiene&#8220;, Hueber 2023, ISBN 9<span class=\"a-list-item\">78-3194685802<\/span>, Lesealter: 12+<\/p>\n<p>&#8222;Deutsch, Nelly, Oskar &amp; Co &#8211; Stress in der Clique&#8220;, Hueber, 2021, ISBN <span class=\"a-list-item\">978-3193585806, Lesealter: 12+<\/span><\/p>\n<h1>Elke Satzger<\/h1>\n<div class=\"\"><img decoding=\"async\" loading=\"lazy\" class=\"size-full wp-image-324 alignright\" src=\"https:\/\/isarautoren.de\/wp-content\/uploads\/2019\/11\/elkeklein.jpg\" alt=\"\" width=\"300\" height=\"300\" \/>Elke Satzger verbrachte die ersten f\u00fcnf Lebensjahre am Rande des Schwarzwalds, wo sie ihrer von M\u00e4rchen begeisterten Oma darin nacheiferte, sich Geschichten auszudenken und diese in \u201eKrikelkrakelschrift\u201c festzuhalten. Mit dem Umzug nach M\u00fcnchen begann der Schulalltag und die Eroberung der Stadtteilbibliothek, die sie mit unz\u00e4hligen Stunden Lesevergn\u00fcgen versorgte. Nach Abitur, Studium der Kunstgeschichte (MA), 1001 Jobs und der anschlie\u00dfenden Burda-Journalistenschule begann der Arbeitsalltag als Redakteurin f\u00fcr Printmedien \u00a0in Berlin und M\u00fcnchen \u2013 seit ein paar Jahren in Teilzeit. Au\u00dferdem: Mann, zwei T\u00f6chter, etliche Meerschweinchen, Hamster, Zwergkaninchen und Hund. Der Zugewinn an Freizeit durch das Erwachsenwerden der beiden T\u00f6chter (und das allm\u00e4hliche Dahinscheiden aller Vierbeiner), die Annexion eines der Kinderzimmer als Schreibzimmer und die vielen Geschichtenideen, die ihr durch den Kopf spukten, f\u00fchrten sie zu diversen Schreibworkshops. Ihr Ziel: Dazu beizutragen, Kindern spannende und erf\u00fcllende Lesestunden zwischen Buchdeckeln und abseits von Bildschirmen zu schenken.<img decoding=\"async\" loading=\"lazy\" class=\"size-medium wp-image-1096 alignright\" src=\"https:\/\/isarautoren.de\/wp-content\/uploads\/2024\/01\/Elke_LEsefoto-300x300.jpg\" alt=\"\" width=\"300\" height=\"300\" srcset=\"https:\/\/isarautoren.de\/wp-content\/uploads\/2024\/01\/Elke_LEsefoto.jpg 300w, https:\/\/isarautoren.de\/wp-content\/uploads\/2024\/01\/Elke_LEsefoto-150x150.jpg 150w\" sizes=\"(max-width: 300px) 100vw, 300px\" \/><\/div>\n<div>\u00a0<\/div>\n<div><strong>Lesungen<\/strong><\/div>\n<div>\n<p>In meinen Lesungen m\u00f6chte ich die Kinder nicht nur bestens unterhalten, sondern sie auch dazu ermuntern, sich selbst Geschichten auszudenken. Ob Pupskissen, Handpuppe oder gr\u00fcnen Feenschuh: Ich bringe gerne\u00a0 Gegenst\u00e4nde mit\u00a0 und beziehe die Kinder aktiv in die Geschichten ein, sei es durch Bewegungen und Ger\u00e4usche, Fragen und R\u00e4tsel oder auch mal kleine Bastelaktionen.<\/p>\n<\/div>\n<div>\u00a0<\/div>\n<div><a href=\"http:\/\/www.elkesatzger.de\">www.elkesatzger.de<\/a><\/div>\n<div>\u00a0<\/div>\n<div class=\"\"><img decoding=\"async\" loading=\"lazy\" class=\"alignnone size-full wp-image-404\" src=\"https:\/\/isarautoren.de\/wp-content\/uploads\/2021\/03\/Finnja.jpg\" alt=\"\" width=\"127\" height=\"180\" \/>\u00a0\u00a0 <img decoding=\"async\" loading=\"lazy\" class=\"alignnone size-medium wp-image-326\" src=\"https:\/\/isarautoren.de\/wp-content\/uploads\/2019\/11\/Lotti.jpg\" alt=\"\" width=\"99\" height=\"180\" \/> \u00a0\u00a0<img decoding=\"async\" loading=\"lazy\" class=\"alignnone size-full wp-image-833\" src=\"https:\/\/isarautoren.de\/wp-content\/uploads\/2023\/02\/Motzpotz.jpg\" alt=\"\" width=\"127\" height=\"180\" \/><\/div>\n<div class=\"\">\u00a0<\/div>\n<div class=\"\">\n<p>&#8222;Finnja Feentochter&#8220;, 2021, Ueberreuter Verlag, ISBN:\u00a0 <span class=\"a-list-item\"> 978-3764151980<\/span>, Lesealter: 11+<\/p>\n<p>&#8222;Lotti kann nicht pupsen&#8220;, 2019, Annette Betz Verlag, ISBN: 978-3-219-11731-8, Lesealter: 4+<\/p>\n<p>&#8222;Der Motzpotz&#8220;,\u00a0 2023, Ueberreuter Verlag, ISBN: <span class=\"a-list-item\">978-3764152444<\/span>, Lesealter: 7+<\/p>\n<\/div>\n<h1>Eva Schatz<\/h1>\n<p><img decoding=\"async\" loading=\"lazy\" class=\"size-full wp-image-570 alignright\" src=\"https:\/\/isarautoren.de\/wp-content\/uploads\/2022\/01\/Eva-Schatz.jpg\" alt=\"\" width=\"300\" height=\"300\" \/>Eva Schatz, geboren 1975, schreibt Geschichten und Gedichte f\u00fcr Kinder im Alter von vier bis acht Jahren &#8211; mal schr\u00e4g, mal lustig, mal ernst, immer irgendwie anders und fantasievoll. Die hat sie bei Verlagen (Tulipan Verlag, Nilpferd im Residenz) und im Radio (radioMikro\/Bayern2) ver\u00f6ffentlicht. Nach ihrem Studium der Kommunikationswissenschaft, Psychologie und Psycholinguistik sammelte sie Erfahrungen als Journalistin, Texterin im Bereich Dokumentarfilm, in der Kinder- und Jugendmedienforschung und als Pressesprecherin. Eva Schatz arbeitet und lebt mit Katze Sumi in M\u00fcnchen.<\/p>\n<p><a href=\"http:\/\/www.eva-schatz.de\/\">www.eva-schatz.de<\/a><\/p>\n<p><strong><img decoding=\"async\" loading=\"lazy\" class=\"size-full wp-image-571 alignright\" src=\"https:\/\/isarautoren.de\/wp-content\/uploads\/2022\/01\/Eva_lesend.jpg\" alt=\"\" width=\"300\" height=\"300\" \/>Lesungen<\/strong><\/p>\n<p>Eva Schatz kommt zu Kindergeburtstagen, in Kinderg\u00e4rten, Schulen, B\u00fcchereien und zu Lesefestivals!<br \/>Die Kinder sind w\u00e4hrend der interaktiven Lesungen immer aktiv mit dabei: Bei der Vorstellungsrunde, beim Malen und Gestalten, in Kreisspielen und bei der kreativen \u201eDetektivarbeit\u201c: Wer besonders gut aufgepasst hat, gewinnt! \u00dcberraschung garantiert! Und die Hauptperson des Buches kommt sogar selbst mit! F\u00fcr 3 \u2013 6-j\u00e4hrige Kinder. Lesungen unter anderem bei der M\u00fcnchner B\u00fccherschau junior, beim Lilalu Festival, in der Seidelvilla, in der Stadtb\u00fccherei Erding, im Montessori Kinderhaus Dachau und in der Burda Kinderkrippe.<\/p>\n<p><img decoding=\"async\" loading=\"lazy\" class=\"alignnone size-full wp-image-573\" src=\"https:\/\/isarautoren.de\/wp-content\/uploads\/2022\/01\/DackelFranz.jpg\" alt=\"\" width=\"130\" height=\"180\" \/> <img decoding=\"async\" loading=\"lazy\" class=\"alignnone size-full wp-image-574\" src=\"https:\/\/isarautoren.de\/wp-content\/uploads\/2022\/01\/Flatterpferd.jpg\" alt=\"\" width=\"131\" height=\"180\" \/> <img decoding=\"async\" loading=\"lazy\" class=\"alignnone size-medium wp-image-575\" src=\"https:\/\/isarautoren.de\/wp-content\/uploads\/2022\/01\/Herr-Anders.jpg\" alt=\"\" width=\"192\" height=\"180\" \/><\/p>\n<p>Dackel Franz sucht seinen Schwanz, Residenz-Verlag 2009, ISBN <span class=\"a-list-item\">978-3701720576<\/span>, ab 4 Jahren<\/p>\n<p>Flederhase und Flatterpferd, G &amp; G Kinderbuch 2007, ISBN <span class=\"a-list-item\">978-3701720248<\/span>, ab 4 Jahren<\/p>\n<p>Herr Anders, Tulipan, 2011, ISBN <span class=\"a-list-item\">978-3939944683<\/span>, ab 4 Jahren<\/p>\n<h1>Silke Schellhammer<\/h1>\n<p><img decoding=\"async\" loading=\"lazy\" class=\"size-full wp-image-464 alignright\" src=\"https:\/\/isarautoren.de\/wp-content\/uploads\/2021\/07\/Silke.jpg\" alt=\"\" width=\"300\" height=\"300\" \/>Silke Schellhammer wuchs in einer Gro\u00dffamilie auf, in der viele Geschichten erz\u00e4hlt wurden. Sie waren nicht unbedingt wahr, aber immer gut. Das Erstaunen dar\u00fcber, wie gro\u00dfartig wirkliche und erfundene Begebenheiten nebeneinander existieren k\u00f6nnen und dass Realit\u00e4t letztendlich eine Frage der Wahrnehmung ist, lie\u00df sie mit dem Schreiben beginnen.<\/p>\n<p>Nach ihrem Studium der Sportwissenschaften und Ausbildung zur Physiotherapeutin begann sie im medizinischen Bereich Artikel und Beitr\u00e4ge zu B\u00fcchern zu verfassen. Doch der streng recherchierte Text, der wenig Raum f\u00fcr Ironie und Fantasie lie\u00df, reichte ihr bald nicht mehr. So landete sie schlie\u00dflich beim Kinderbuch.<\/p>\n<p><strong>Lesungen:<\/strong><\/p>\n<p><img decoding=\"async\" loading=\"lazy\" class=\"size-full wp-image-465 alignright\" src=\"https:\/\/isarautoren.de\/wp-content\/uploads\/2021\/07\/Silke_lesend.jpg\" alt=\"\" width=\"300\" height=\"300\" \/>Vorlesen und \u00fcber das Geh\u00f6rte reden, geh\u00f6ren f\u00fcr Silke Schellhammer zusammen. Deshalb sind ihre Lesungen eine Mischung aus Textvortrag und Dialog mit den Zuh\u00f6rer*innen. Ganz egal, ob sich Kinder f\u00fcr einen der Charaktere stark machen, \u00fcber eigenen Superkr\u00e4fte oder einen echt bl\u00f6den Tag berichten, oder wissen wollen, warum man seinen seinen Tag ausgerechnet mit SCHREIBEN verbringen mag, es findet sich f\u00fcr jede Frage eine Antwort.<\/p>\n<h2 class=\"a-size-mini a-spacing-none a-color-base s-line-clamp-2\">\u00a0<img decoding=\"async\" loading=\"lazy\" class=\"alignnone  wp-image-462\" src=\"https:\/\/isarautoren.de\/wp-content\/uploads\/2021\/07\/Schooloftalents1.jpg\" alt=\"\" width=\"128\" height=\"180\" \/> <img decoding=\"async\" loading=\"lazy\" class=\"alignnone size-full wp-image-463\" src=\"https:\/\/isarautoren.de\/wp-content\/uploads\/2021\/07\/schooloftalents2.jpg\" alt=\"\" width=\"128\" height=\"180\" \/> <img decoding=\"async\" loading=\"lazy\" class=\"alignnone size-full wp-image-980\" src=\"https:\/\/isarautoren.de\/wp-content\/uploads\/2023\/08\/Askendor2.jpg\" alt=\"\" width=\"118\" height=\"180\" \/><\/h2>\n<p>&#8222;School of talents&#8220;, Band 1: Erste Stunde: Extra laut!, Carlsen, 2021, ISBN <span class=\"a-list-item\"><span class=\"a-text-bold\">\u200e <\/span> 978-3551651464<\/span>, Lesealter: 8+<\/p>\n<p>&#8222;School of talents&#8220;, Band 2: Zweite Stunde: Stromausfall!, Carlsen 2021, ISBN: <span class=\"a-list-item\">978-3551651471<\/span>, Lesealter: 8+<\/p>\n<p>&#8222;Askendor&#8220;, dtv 2023, ISBN <span class=\"a-list-item\"><span class=\"a-text-bold\"> \u200e <\/span> 978-3423764674<\/span>, Lesealter: 12+<\/p>\n<div class=\"\">\n<h1><strong>Silke Schlichtmann<\/strong><\/h1>\n<\/div>\n<p><img decoding=\"async\" loading=\"lazy\" class=\"size-medium wp-image-179 alignright\" src=\"https:\/\/isarautoren.de\/wp-content\/uploads\/2019\/03\/Silke_300-300x300.jpg\" alt=\"\" width=\"300\" height=\"300\" srcset=\"https:\/\/isarautoren.de\/wp-content\/uploads\/2019\/03\/Silke_300-300x300.jpg 300w, https:\/\/isarautoren.de\/wp-content\/uploads\/2019\/03\/Silke_300-150x150.jpg 150w, https:\/\/isarautoren.de\/wp-content\/uploads\/2019\/03\/Silke_300-768x768.jpg 768w, https:\/\/isarautoren.de\/wp-content\/uploads\/2019\/03\/Silke_300-1024x1024.jpg 1024w, https:\/\/isarautoren.de\/wp-content\/uploads\/2019\/03\/Silke_300.jpg 1972w\" sizes=\"(max-width: 300px) 100vw, 300px\" \/>Silke Schlichtmann, 1967 in Stade geboren, wuchs auf einem Obsthof im Alten Land auf. Sie studierte Germanistik, Anglistik und Geschichte in Kiel, M\u00fcnchen und Trier, promovierte und arbeitete anschlie\u00dfend lange und gern als Literaturwissenschaftlerin und Lektorin. Bis sie schlie\u00dflich merkte, dass sie noch lieber selbst Geschichten schreiben w\u00fcrde. 2015 erschien mit \u201ePernilla oder Wie die Beatles meine viel zu gro\u00dfe Familie retteten\u201c (Carl Hanser Verlag) ihr Kinderbuchdeb\u00fct, dem bald weitere Titel folgten. Und weil ihr das Schreiben noch immer so gut gef\u00e4llt, bleibt sie jetzt einfach dabei. Silke Schlichtmann lebt mit ihrem Mann und vier Kindern in M\u00fcnchen.<\/p>\n<p><a href=\"http:\/\/www.silkeschlichtmann.de\">www.silkeschlichtmann.de<\/a><\/p>\n<p><strong><em>Lesungen:<\/em><\/strong><\/p>\n<p>Immer wieder gern bricht Silke Schlichtmann zu Lesungen auf. Diese gestaltet sie stets interaktiv: Lesestrecken wechseln sich ab mit Bilderraten, Sprachspiel und Musik (die Gitarre ist im Gep\u00e4ck). Und manchmal gibt es auch noch ein kleines Extra: Bei \u201ePernilla oder Warum wir nicht in den sauren Apfel bei\u00dfen mussten\u201c zum Beispiel ist eine Lesung mit Apfelspa\u00df m\u00f6glich; da hat Silke Schlichtmann ihre Apfelsch\u00e4lmaschine dabei und am Ende werden gemeinsam \u00c4pfel zerkurbelt und verspeist.<\/p>\n<p>\u00a0<img decoding=\"async\" loading=\"lazy\" class=\"alignnone wp-image-182\" src=\"https:\/\/isarautoren.de\/wp-content\/uploads\/2019\/03\/CoverMattis1-208x300.jpg\" alt=\"\" width=\"124\" height=\"179\" srcset=\"https:\/\/isarautoren.de\/wp-content\/uploads\/2019\/03\/CoverMattis1-208x300.jpg 208w, https:\/\/isarautoren.de\/wp-content\/uploads\/2019\/03\/CoverMattis1.jpg 270w\" sizes=\"(max-width: 124px) 100vw, 124px\" \/>\u00a0 <img decoding=\"async\" loading=\"lazy\" class=\"alignnone size-full wp-image-900\" src=\"https:\/\/isarautoren.de\/wp-content\/uploads\/2023\/05\/ReissausmitKrabbenbroetchen.jpg\" alt=\"\" width=\"117\" height=\"180\" \/>\u00a0 <img decoding=\"async\" loading=\"lazy\" class=\"alignnone size-full wp-image-1314\" src=\"https:\/\/isarautoren.de\/wp-content\/uploads\/2025\/04\/Staub.jpg\" alt=\"\" width=\"137\" height=\"180\" \/><\/p>\n<p>&#8222;Mattis und das klebende Klassenzimmer.&#8220; Carl Hanser Verlag 2019. ISBN 978-3-446-26220-1, Lesealter 7+<\/p>\n<p>&#8222;Rei\u00dfaus mit Krabbenbr\u00f6tchen&#8220; Carl Hanser Verlag 2022. ISBN <span class=\"a-list-item\">978-3446274280,<\/span> Lesealter 8+<\/p>\n<p>&#8222;Staub&#8220;, Tulipan, 2025, ISBN: <span class=\"a-list-item\">978-3864296833<\/span>, Lesealter: 6+<\/p>\n<p>\u00a0<\/p>\n<h1>Axel T\u00e4ubert<\/h1>\n<p><img decoding=\"async\" loading=\"lazy\" class=\"size-medium wp-image-921 alignright\" src=\"https:\/\/isarautoren.de\/wp-content\/uploads\/2023\/07\/Axel_Taeubert-300x300.jpg\" alt=\"\" width=\"300\" height=\"300\" srcset=\"https:\/\/isarautoren.de\/wp-content\/uploads\/2023\/07\/Axel_Taeubert.jpg 300w, https:\/\/isarautoren.de\/wp-content\/uploads\/2023\/07\/Axel_Taeubert-150x150.jpg 150w\" sizes=\"(max-width: 300px) 100vw, 300px\" \/>Axel T\u00e4ubert, ist Head of Start-ups bei Google und verantwortete zuvor die Betreuung von Creatoren bei YouTube. Schon in jungen Jahren hat er mehrere Unternehmen gegr\u00fcndet und begleitet mittlerweile diverse Start-ups als Business Angel. Nebenher ist er Autor von Kinderb\u00fcchern und lebt mit seiner Frau und seinen zwei S\u00f6hnen in M\u00fcnchen.<\/p>\n<p>Als Autor widmet er sich modernen Themen wie Gaming, K\u00fcnstliche Intelligenz, Start-ups und der Digitalisierung von Bildung. Gerne schreibt er zusammen mit Co-Autoren wie Carsten Maschmeyer oder Daniel Jung. Seit Jahren arbeitet er vertrauensvoll mit Frank Griesheimer als Lektor zusammen und wird durch die Agentur Bettina Breitling vertreten.<\/p>\n<p><strong><img decoding=\"async\" loading=\"lazy\" class=\"size-medium wp-image-920 alignright\" src=\"https:\/\/isarautoren.de\/wp-content\/uploads\/2023\/07\/Axel_lesend-300x300.jpg\" alt=\"\" width=\"300\" height=\"300\" srcset=\"https:\/\/isarautoren.de\/wp-content\/uploads\/2023\/07\/Axel_lesend.jpg 300w, https:\/\/isarautoren.de\/wp-content\/uploads\/2023\/07\/Axel_lesend-150x150.jpg 150w\" sizes=\"(max-width: 300px) 100vw, 300px\" \/>Lesungen:<\/strong><\/p>\n<p>Lesungen bietet er bevorzugt f\u00fcr 5. &#8211; 7. Klassen an Schulen in M\u00fcnchen und Umgebung an. Am liebsten in den ersten beiden Stunden, um danach im B\u00fcro seiner hauptberuflichen T\u00e4tigkeit nachzugehen. Lesungen unterst\u00fctzt er &#8211; sofern die technischen M\u00f6glichkeiten vorhanden sind &#8211;\u00a0 audiovisuell und bindet dabei auch gerne Sch\u00fcler beim verteilten Lesen ein.<\/p>\n<p><a href=\"https:\/\/www.axeltaeubert.de\/\">https:\/\/www.axeltaeubert.de\/<\/a><\/p>\n<p><img decoding=\"async\" loading=\"lazy\" class=\"alignnone size-full wp-image-924\" src=\"https:\/\/isarautoren.de\/wp-content\/uploads\/2023\/07\/Hanna.jpg\" alt=\"\" width=\"120\" height=\"180\" \/>\u00a0 <img decoding=\"async\" loading=\"lazy\" class=\"alignnone size-medium wp-image-925\" src=\"https:\/\/isarautoren.de\/wp-content\/uploads\/2023\/07\/Classroom-Coach.jpg\" alt=\"\" width=\"125\" height=\"180\" \/> <img decoding=\"async\" loading=\"lazy\" class=\"alignnone size-full wp-image-1402\" src=\"https:\/\/isarautoren.de\/wp-content\/uploads\/2026\/01\/WaskostetdieWelt.jpg\" alt=\"\" width=\"133\" height=\"180\" \/><\/p>\n<p>&#8222;Codeword HANNA &#8211; Auf der Flucht mit der KI&#8220;, Karibu, 2022, ISBN: 978-3961292851, Lesealter: 10+<\/p>\n<p>&#8222;Der Classroom Coach &#8211; Eine Lernapp stellt die Schule auf den Kopf&#8220;, Karibu, 2023, ISBN \u200f, 978-3961293018 Lesealter: 10+<\/p>\n<p>&#8222;Was ist was: Was kostet die Welt&#8220;, Tessloff, 2026,ISBN <span class=\"a-list-item\"><span class=\"a-text-bold\"> \u200e <\/span> 978-3788677985<\/span>, Lesealter: 11+<\/p>\n<h1>Efua Traor\u00e9<\/h1>\n<p><img decoding=\"async\" loading=\"lazy\" class=\"size-medium wp-image-1165 alignright\" src=\"https:\/\/isarautoren.de\/wp-content\/uploads\/2024\/06\/Efua_Traore-267x300.jpg\" alt=\"\" width=\"267\" height=\"300\" srcset=\"https:\/\/isarautoren.de\/wp-content\/uploads\/2024\/06\/Efua_Traore-267x300.jpg 267w, https:\/\/isarautoren.de\/wp-content\/uploads\/2024\/06\/Efua_Traore-911x1024.jpg 911w, https:\/\/isarautoren.de\/wp-content\/uploads\/2024\/06\/Efua_Traore-768x863.jpg 768w, https:\/\/isarautoren.de\/wp-content\/uploads\/2024\/06\/Efua_Traore-1366x1536.jpg 1366w, https:\/\/isarautoren.de\/wp-content\/uploads\/2024\/06\/Efua_Traore-1822x2048.jpg 1822w, https:\/\/isarautoren.de\/wp-content\/uploads\/2024\/06\/Efua_Traore.jpg 1844w\" sizes=\"(max-width: 267px) 100vw, 267px\" \/>Efua Traor\u00e9 ist eine nigerianisch-deutsche Kinder- und Jugendbuchautorin. Schon als Kind in Nigeria wuselten lustige Ideen und wilde Geschichten in ihrem Kopf herum. Irgendwann als erwachsene Diplom-Kauffrau und Marktforschungsberaterin kam sie endlich auf die Idee, die Geschichten aufzuschreiben. Schnell stellte sie fest, dass das Schreiben ihr sehr viel Spa\u00df machte. Seitdem wurden ihre B\u00fccher in mehrere Sprachen \u00fcbersetzt und international mehrfach ausgezeichnet. Efua schreibt in Englisch und auf Deutsch und hat gerade ihr erstes Buch, &#8222;Kinder des Treibsands&#8220; ins Deutsche \u00fcbersetzt. Sie liebt es zu reisen und Neues zu entdecken und lebt seit vielen Jahren mit ihrer Familie in M\u00fcnchen.<\/p>\n<p><a href=\"https:\/\/efua-traore.com\/\">https:\/\/efua-traore.com\/<\/a><\/p>\n<p><strong>Lesungen:<img decoding=\"async\" loading=\"lazy\" class=\"size-medium wp-image-1164 alignright\" src=\"https:\/\/isarautoren.de\/wp-content\/uploads\/2024\/06\/Efua_lesend-300x300.jpg\" alt=\"\" width=\"300\" height=\"300\" srcset=\"https:\/\/isarautoren.de\/wp-content\/uploads\/2024\/06\/Efua_lesend.jpg 300w, https:\/\/isarautoren.de\/wp-content\/uploads\/2024\/06\/Efua_lesend-150x150.jpg 150w\" sizes=\"(max-width: 300px) 100vw, 300px\" \/><\/strong><\/p>\n<p>In meinen interaktiven Lesungen nehme ich meine kleinen und gro\u00dfen Zuh\u00f6rer*innen gerne auf eine Reise in die mythisch-magischen Welten meiner B\u00fccher mit. Ich erz\u00e4hle dabei von nigerianischen Sagen und Legenden, von geheimnisvollen G\u00f6ttinnen und verschmitzten Geisterwesen, aber auch \u00fcber meine Kindheit in Nigeria und meine Inspirationen.<\/p>\n<p>Insbesondere macht es mir Spa\u00df, kreative \u00dcbungen mit den Kindern durchzuf\u00fchren, wie z.B. in k\u00fcrzester Zeit kleine Szenen zu kreieren oder neue Welten zu erfinden.<\/p>\n<p><img decoding=\"async\" loading=\"lazy\" class=\"alignnone size-full wp-image-1161\" src=\"https:\/\/isarautoren.de\/wp-content\/uploads\/2024\/06\/KinderTreibsand.jpg\" alt=\"\" width=\"125\" height=\"180\" \/>\u00a0 <img decoding=\"async\" loading=\"lazy\" class=\"alignnone size-full wp-image-1162\" src=\"https:\/\/isarautoren.de\/wp-content\/uploads\/2024\/06\/OneChanceDance.jpg\" alt=\"\" width=\"118\" height=\"180\" \/>\u00a0 <img decoding=\"async\" loading=\"lazy\" class=\"alignnone size-full wp-image-1163\" src=\"https:\/\/isarautoren.de\/wp-content\/uploads\/2024\/06\/SisterSpirit.jpg\" alt=\"\" width=\"117\" height=\"180\" \/><\/p>\n<p>&#8222;Kinder des Treibsands&#8220;, Karibu, 2024, ISBN:\u200e 978-3961293698 Lesealter: 10+<\/p>\n<p>&#8222;One Chance Dance&#8220;, Scholastic 2023, ISBN: 978-1915026507 Lesealter: 9+<\/p>\n<p>&#8222;Sister Spirit&#8220;, Zephyr 2024, \u200eISBN: 978-1035907571 Lesealter: 12+<\/p>\n<h1>Veronika Wiggert<\/h1>\n<p><img decoding=\"async\" loading=\"lazy\" class=\"size-medium wp-image-1014 alignright\" src=\"https:\/\/isarautoren.de\/wp-content\/uploads\/2023\/11\/Veronika_Wiggert-300x300.jpg\" alt=\"\" width=\"300\" height=\"300\" srcset=\"https:\/\/isarautoren.de\/wp-content\/uploads\/2023\/11\/Veronika_Wiggert.jpg 300w, https:\/\/isarautoren.de\/wp-content\/uploads\/2023\/11\/Veronika_Wiggert-150x150.jpg 150w\" sizes=\"(max-width: 300px) 100vw, 300px\" \/>Veronika Wiggert verbrachte ihre Kindheit in einem kleinen Dorf im Schwarzwald, wenige Kilometer vor der Schweizer Grenze. Als J\u00fcngste von vier Geschwistern lernte sie schon fr\u00fch lesen und schrieb bereits in der Grundschule erste Geschichten und Gedichte. Nach ihrem Abschluss zur Diplom-\u00dcbersetzerin f\u00fcr Englisch und Spanisch sowie Auslandsaufenthalten in London und Madrid, lie\u00df sich Veronika Wiggert in M\u00fcnchen zur Redakteurin ausbilden und war 20 Jahre lang als Journalistin t\u00e4tig. Ihrer Wahlheimat ist sie bis heute treu geblieben.<\/p>\n<p>Durch ihre beiden Kinder fand sie zur\u00fcck zu ihrer fr\u00fchen Leidenschaft und schreibt inzwischen Geschichten f\u00fcr Kinder und Jugendliche oder h\u00e4lt Schreibworkshops in Schulen und Bibliotheken. Lese- und Schreibf\u00f6rderung sind ihr ein besonderes Anliegen.<\/p>\n<p><strong>Lesungen:<img decoding=\"async\" loading=\"lazy\" class=\"size-medium wp-image-1015 alignright\" src=\"https:\/\/isarautoren.de\/wp-content\/uploads\/2023\/11\/Veronika_lesend-300x300.jpg\" alt=\"\" width=\"300\" height=\"300\" srcset=\"https:\/\/isarautoren.de\/wp-content\/uploads\/2023\/11\/Veronika_lesend.jpg 300w, https:\/\/isarautoren.de\/wp-content\/uploads\/2023\/11\/Veronika_lesend-150x150.jpg 150w\" sizes=\"(max-width: 300px) 100vw, 300px\" \/><\/strong><\/p>\n<p>Ob Fu\u00dfball, Freundschaft oder Klimaschutz \u2013 in ihren Lesungen m\u00f6chte Veronika Wiggert mit den Kindern auch ins Gespr\u00e4ch kommen. Deshalb wird nicht nur vorgelesen, sondern viel diskutiert, fantasiert und sich ausgetauscht. Dazu geh\u00f6ren auch Wortspielereien und ein Quiz zum jeweiligen Buchthema. Anschlie\u00dfend beantwortet die Autorin alle Fragen rund ums \u201eB\u00fccher machen\u201c.<\/p>\n<p><a href=\"http:\/\/www.veronika-wiggert.de\">www.veronika-wiggert.de<\/a><\/p>\n<p>\u00a0<img decoding=\"async\" loading=\"lazy\" class=\"alignnone size-full wp-image-1335\" src=\"https:\/\/isarautoren.de\/wp-content\/uploads\/2025\/04\/SommermitFuchs.jpg\" alt=\"\" width=\"128\" height=\"180\" \/> <img decoding=\"async\" loading=\"lazy\" class=\"alignnone size-full wp-image-1228\" src=\"https:\/\/isarautoren.de\/wp-content\/uploads\/2024\/12\/Mascha.jpg\" alt=\"\" width=\"134\" height=\"180\" \/> <img decoding=\"async\" loading=\"lazy\" class=\"alignnone size-full wp-image-1415\" src=\"https:\/\/isarautoren.de\/wp-content\/uploads\/2026\/01\/WirKindervomBolzi.jpg\" alt=\"\" width=\"116\" height=\"180\" \/><\/p>\n<p>&#8222;Maschas leuchtende Jahre&#8220;, Tulipan 2024, ISBN <span class=\"a-list-item\">978-3864296635<\/span>, Lesealter: 7+<\/p>\n<p>&#8222;Sommer mit Fuchs&#8220;, Thienemann, 2025, ISBN <span class=\"a-list-item\"><span class=\"a-text-bold\"> \u200e <\/span> 978-3522186759, Lesealter 10+<\/span><\/p>\n<p>&#8222;Wir Kinder vom Bolzi&#8220;, Thienemann, 2026, ISBN <span class=\"a-list-item\"><span class=\"a-text-bold\"> \u200e <\/span> 978-3522188821<\/span>, Lesealter: 5+<\/p>\n<h1>Christiane Wittenburg<\/h1>\n<p><img decoding=\"async\" loading=\"lazy\" class=\"size-medium wp-image-768 alignright\" src=\"https:\/\/isarautoren.de\/wp-content\/uploads\/2022\/11\/Christiane-300x300.jpg\" alt=\"\" width=\"300\" height=\"300\" srcset=\"https:\/\/isarautoren.de\/wp-content\/uploads\/2022\/11\/Christiane.jpg 300w, https:\/\/isarautoren.de\/wp-content\/uploads\/2022\/11\/Christiane-150x150.jpg 150w\" sizes=\"(max-width: 300px) 100vw, 300px\" \/>Christiane Wittenburg wurde 1974 mitten in den Bergen geboren. Aber schon als ganz kleines M\u00e4dchen kam sie mit ihrer Familie nach Franken. Dort ging sie zur Schule und machte auch das Abitur. In W\u00fcrzburg studierte sie Grundschullehramt und Germanistik. Nachdem sie so viel gelernt hatte, zog sie mit ihrem Mann wieder in den S\u00fcden von Bayern und arbeitete in M\u00fcnchen in einem Kinderbuchverlag. Heute lebt\u00a0sie mit ihrer Familie in Erding.<br \/>Sie arbeitet\u00a0nicht mehr im Verlag, sondern als Lehrerin an einer Montessorischule und seit vielen Jahren auch freiberuflich als Kinder- und Jugendbuchautorin.<br \/>Es sind schon zahlreiche Titel in den Bereichen Kinderbesch\u00e4ftigung, Lern- und \u00dcbungsmaterial f\u00fcr die Grund- und Vorschule, Bilderbuch, Pappbilderbuch,<br \/>Sachbuch, Erstleser und Pferdebuch und auch eine kleine H\u00f6rgeschichte von ihr erschienen.<\/p>\n<p><a href=\"http:\/\/www.christianewittenburg.de\">www.christianewittenburg.de<\/a><\/p>\n<p><strong><img decoding=\"async\" loading=\"lazy\" class=\"size-medium wp-image-769 alignright\" src=\"https:\/\/isarautoren.de\/wp-content\/uploads\/2022\/11\/Christiane_Lesend-300x300.jpg\" alt=\"\" width=\"300\" height=\"300\" srcset=\"https:\/\/isarautoren.de\/wp-content\/uploads\/2022\/11\/Christiane_Lesend.jpg 300w, https:\/\/isarautoren.de\/wp-content\/uploads\/2022\/11\/Christiane_Lesend-150x150.jpg 150w\" sizes=\"(max-width: 300px) 100vw, 300px\" \/>Lesungen<\/strong><\/p>\n<p>Ihre Geschichten vor Publikum vorlesen zu d\u00fcrfen, ist jedes Mal eine besondere Freude f\u00fcr Christiane Wittenburg. Mit verstellten Stimmen haucht sie ihren Protagonisten Leben ein und unterstreicht so die individuellen Charaktere. Mit Fragen bezieht sie die Kinder in die Geschichten ein, so dass alle gemeinsam mit den Helden in der Geschichte mitfiebern, r\u00e4tseln und lachen.<\/p>\n<p><img decoding=\"async\" loading=\"lazy\" class=\"alignnone size-full wp-image-770\" src=\"https:\/\/isarautoren.de\/wp-content\/uploads\/2022\/11\/Nikolaus.jpg\" alt=\"\" width=\"133\" height=\"179\" \/> \u00a0 \u00a0<img decoding=\"async\" loading=\"lazy\" class=\"alignnone  wp-image-1347\" src=\"https:\/\/isarautoren.de\/wp-content\/uploads\/2025\/06\/Geschichten-Koala.jpg\" alt=\"\" width=\"129\" height=\"180\" \/>\u00a0 <img decoding=\"async\" loading=\"lazy\" class=\"alignnone size-full wp-image-1433\" src=\"https:\/\/isarautoren.de\/wp-content\/uploads\/2026\/01\/Schatten.jpg\" alt=\"\" width=\"141\" height=\"180\" \/><\/p>\n<p>\u201eDer etwas andere Nikolaus &#8211; Eine ziemlich wahre Geschichte\u201c, CalmeMara Verlag 2021,\u200e 978-3948877170, Lesealter 4+<\/p>\n<p><strong>\u201e<\/strong>Bildermaus: Geschichten vom kleinen Koala\u201c, Loewe Verlag 2025, <span class=\"a-list-item\">978-3743219069<\/span> (Lesel\u00f6wen R\u00e4tselwelt), Lesealter 5+<\/p>\n<p>&#8222;Schatten ist f\u00fcr alle da&#8220;, CalmeMara Verlag, 2026, <span class=\"a-list-item\"><span class=\"a-text-bold\"> \u200e <\/span> 978-3948877873<\/span>, Lesealter: 5+<\/p>\n<h1>Gregor Wolf<\/h1>\n<div id=\"cc-m-7321954151\" class=\"j-module n j-text \">\n<p><img decoding=\"async\" loading=\"lazy\" class=\"size-full wp-image-331 alignright\" src=\"https:\/\/isarautoren.de\/wp-content\/uploads\/2019\/11\/Gregor_klein.jpg\" alt=\"\" width=\"300\" height=\"300\" \/>Gregor Wolf, 1977 geboren, hat \u00c4gyptologie studiert und \u00fcber das Reich der Pharaonen geforscht und geschrieben. Jetzt schreibt er fantastische Geschichten am liebsten f\u00fcr Kinder und Jugendliche.<\/p>\n<p>Sein Erstling &#8222;Die abenteuerliche Reise des Leopold Morsch&#8220; ist im Juli 2019 erschienen.<\/p>\n<p>Er lebt mit seiner Familie zwischen Lavendel und Himbeerstr\u00e4uchern in der N\u00e4he von M\u00fcnchen.<\/p>\n<p><a href=\"http:\/\/www.gr-wolf.de\">www.gr-wolf.de<\/a><\/p>\n<p>\u00a0<\/p>\n<p><strong><img decoding=\"async\" loading=\"lazy\" class=\"size-medium wp-image-1134 alignright\" src=\"https:\/\/isarautoren.de\/wp-content\/uploads\/2024\/05\/Gregor-lesend-300x300.jpg\" alt=\"\" width=\"300\" height=\"300\" srcset=\"https:\/\/isarautoren.de\/wp-content\/uploads\/2024\/05\/Gregor-lesend.jpg 300w, https:\/\/isarautoren.de\/wp-content\/uploads\/2024\/05\/Gregor-lesend-150x150.jpg 150w\" sizes=\"(max-width: 300px) 100vw, 300px\" \/>Lesungen:<\/strong><\/p>\n<\/div>\n<p>Ich lese gerne, am liebsten f\u00fcr Kinder. Lesungen sind die Gelegenheit, mit den Geschichten hinauszugehen, \u00fcber sie zu sprechen und R\u00fcckmeldung zu bekommen. Das ist f\u00fcr mich der Moment, der mir unmittelbar zeigt, wie meine Geschichten auf andere wirken. Dann m\u00fcssen ich und mein Text funktionieren, ohne Netz und doppelten Boden. Am sch\u00f6nsten ist es, wenn die Geschichten die Kinder packen und sie mit mir in die Szenen eintauchen. Und wenn ich dann etwas \u00fcber die Schriftstellerei erz\u00e4hlen darf, hoffe ich, dass vor mir die n\u00e4chsten Abenteuer-Erfinder:innen sitzen und ich vielleicht ein ganz klein wenig daran schuld bin, wenn es so kommt.<\/p>\n<div>\u00a0\u00a0<img decoding=\"async\" loading=\"lazy\" class=\"alignnone size-full wp-image-696\" src=\"https:\/\/isarautoren.de\/wp-content\/uploads\/2022\/08\/Etzel.jpg\" alt=\"\" width=\"127\" height=\"180\" \/>\u00a0 <img decoding=\"async\" loading=\"lazy\" class=\"alignnone size-full wp-image-1135\" src=\"https:\/\/isarautoren.de\/wp-content\/uploads\/2024\/05\/Livia.jpg\" alt=\"\" width=\"128\" height=\"180\" \/> <img decoding=\"async\" loading=\"lazy\" class=\"alignnone size-full wp-image-1405\" src=\"https:\/\/isarautoren.de\/wp-content\/uploads\/2026\/01\/Fux_Winterling_180.jpg\" alt=\"\" width=\"128\" height=\"180\" \/><\/div>\n<div class=\"j-module n j-text \">\u00a0<\/div>\n<div>&#8222;Etzel Zauderkern und die Macht der W\u00fcnsche&#8220;, Ueberreuter, 2020, ISBN <span class=\"a-list-item\">978-3764152116<\/span>, Lesealter: 10+<\/div>\n<div>&#8222;Liva B\u00e4rentochter &#8211; Wildes Kind des Waldes&#8220;, Ueberreuter, 2024, ISBN <span class=\"a-list-item\"><span class=\"a-text-bold\"> \u200e <\/span> 978-3764152550<\/span>, Lesealter: 10+<\/div>\n<div>&#8222;Fux Witteling und die Quelle der Magie&#8220;, Ueberreuter, 2026, ISBN<span class=\"a-list-item\">978-3764153052<\/span>, Lesealter 10+<\/div>\n<h1><strong>Silke Wolfrum<\/strong><\/h1>\n<p><img decoding=\"async\" loading=\"lazy\" class=\"size-full wp-image-137 alignright\" src=\"https:\/\/isarautoren.de\/wp-content\/uploads\/2018\/12\/Silke-Wolfrum-143-3_300.jpg\" alt=\"\" width=\"300\" height=\"300\" srcset=\"https:\/\/isarautoren.de\/wp-content\/uploads\/2018\/12\/Silke-Wolfrum-143-3_300.jpg 300w, https:\/\/isarautoren.de\/wp-content\/uploads\/2018\/12\/Silke-Wolfrum-143-3_300-150x150.jpg 150w\" sizes=\"(max-width: 300px) 100vw, 300px\" \/>ist 1973 in M\u00fcnchen geboren und dann im wesentlich kleineren Donauw\u00f6rth aufgewachsen. Nach dem Abitur ging es nach Paris, woraus sich noch zwei weitere Jahre in Frankreich ergaben, bis sie dann doch in M\u00fcnchen Wurzeln schlug. Seit 2002 schreibt sie Kindergeschichten, H\u00f6rspiele und Features f\u00fcr den Bayerischen Rundfunk, darunter die bekannten <em>Betthupferl<\/em> und das <em>Sonntagshuhn<\/em>. Ihre beiden Kinder sind ungefragt in diverse Geschichten hinein verwurstelt worden, was sie aber immer wieder g\u00fctig hinnehmen.<\/p>\n<p><a class=\"\" href=\"http:\/\/www.silkewolfrum.com\">www.silkewolfrum.com<\/a><\/p>\n<p><strong>\u00a0<\/strong><strong>Lesungen<\/strong><\/p>\n<p>Zu ihren Lesungen bringt Silke Wolfrum mal ein Extra-Gebiss mit kniffligen Fragen zum Z\u00e4hne ausbei\u00dfen mit, mal Antworten, die gemeinsam an den Haaren herbeigezogen werden oder eine Schatztruhe voller magischer Gegenst\u00e4nde, die Superhelden-Kr\u00e4fte verleihen. Jede Lesung folgt einem altersgem\u00e4\u00dfen Konzept, bei dem die Kinder immer viel eingebunden werden.<\/p>\n<p><img decoding=\"async\" loading=\"lazy\" class=\"alignnone size-full wp-image-494\" src=\"https:\/\/isarautoren.de\/wp-content\/uploads\/2021\/11\/Gl\u00fcckskekse.jpg\" alt=\"\" width=\"117\" height=\"180\" \/>\u00a0\u00a0 <img decoding=\"async\" loading=\"lazy\" class=\"alignnone size-full wp-image-433\" src=\"https:\/\/isarautoren.de\/wp-content\/uploads\/2021\/04\/Superhelden.jpg\" alt=\"\" width=\"127\" height=\"180\" \/>\u00a0\u00a0<img decoding=\"async\" loading=\"lazy\" class=\"alignnone size-full wp-image-1302\" src=\"https:\/\/isarautoren.de\/wp-content\/uploads\/2025\/04\/Hochhausbande-2.jpg\" alt=\"\" width=\"120\" height=\"180\" \/><\/p>\n<p>&#8222;Gl\u00fcckskekse im Advent&#8220;, mit Illustrationen von Nele Palmtag, Hanser Verlag 2021, ISBN 978- 3446271272, Lesealter 6+<\/p>\n<p>&#8222;Wir sind Superhelden. Fast&#8220;, mit Illustrationen von Marie Geissler, tulipan 2020, 60 Seiten, ISBN 978-3-86429-485-3, Lesealter 5 \u2013 8<\/p>\n<p>&#8222;Lila Lona und die Hochhausbande&#8220;, Planet, 2025, ISBN-10: <span class=\"a-list-item\">978-3522508605<\/span>, Lesealter 8 \u2013 12,<\/p>\n<p><a href=\"https:\/\/www.br.de\/kinder\/hoeren\/betthupferl\/index.html\">https:\/\/www.br.de\/kinder\/hoeren\/betthupferl\/index.html<\/a><\/p>\n<p><a href=\"https:\/\/www.br.de\/kinder\/hoeren\/sonntagshuhn\/sonntagshuhn-vorstellung100.html\">https:\/\/www.br.de\/kinder\/hoeren\/sonntagshuhn\/sonntagshuhn-vorstellung100.html<\/a><\/p>\n<h1>\u00a0<\/h1>\n<h1>ChrisTine Ziegler<\/h1>\n<p><img decoding=\"async\" loading=\"lazy\" class=\"size-full wp-image-240 alignright\" src=\"https:\/\/isarautoren.de\/wp-content\/uploads\/2019\/05\/Christine_Ziegler_300.jpg\" alt=\"\" width=\"300\" height=\"300\" \/>ist eine begeisterte Zuh\u00f6rerin.\u00a0 Sie wuchs in den bayerischen Bergen auf, studierte Restaurierungswissenschaften, reiste und arbeitete an unterschiedlichen Museen. Heute schreibt und lebt sie mit ihrer Familie und zwei Katzen in Neufahrn bei Freising. Oft trifft man sie jedoch nicht am Schreibtisch, sondern unterwegs, wo sie Menschen, Tieren, Kunstwerken oder allt\u00e4glicen Dingen zuh\u00f6rt. Alles und jeder erz\u00e4hlt. Daraus entstehen ihre Geschichten. Warum eigentlich ChrisTine? Christine nennen sie ihre Mutter, der Staat und der S\u00fcdpol Verlag, Tine alle anderen. Die Schreibweise ChrisTine ist ein Kompromiss.<\/p>\n<p><a href=\"http:\/\/www.tine-ziegler.de\">www.tine-ziegler.de<\/a><\/p>\n<p><em><strong><a href=\"http:\/\/www.tine-ziegler.de\"><img decoding=\"async\" loading=\"lazy\" class=\"size-full wp-image-241 alignright\" src=\"https:\/\/isarautoren.de\/wp-content\/uploads\/2019\/05\/Christine_lesend.jpg\" alt=\"\" width=\"300\" height=\"300\" \/><\/a><\/strong><\/em><strong>Lesungen:<\/strong><\/p>\n<p>Lesen und vorlesen ist dann fast noch sch\u00f6ner, als schreiben und zuh\u00f6ren.<\/p>\n<p><img decoding=\"async\" loading=\"lazy\" class=\"alignnone size-full wp-image-242\" src=\"https:\/\/isarautoren.de\/wp-content\/uploads\/2019\/05\/Spinnstduschon.jpg\" alt=\"\" width=\"157\" height=\"180\" \/>\u00a0 <img decoding=\"async\" loading=\"lazy\" class=\"alignnone size-full wp-image-243\" src=\"https:\/\/isarautoren.de\/wp-content\/uploads\/2019\/05\/Jaguar-Krieger.jpg\" alt=\"\" width=\"130\" height=\"180\" \/> <img decoding=\"async\" loading=\"lazy\" class=\"alignnone size-full wp-image-545\" src=\"https:\/\/isarautoren.de\/wp-content\/uploads\/2021\/11\/Kunstfresser-1.jpg\" alt=\"\" width=\"122\" height=\"180\" \/><\/p>\n<p>&#8222;Spinnst du schon?&#8220; Edition Pastorplatz, ISBN 978-3-943833-31-7, Lesealter 3-8<\/p>\n<div class=\"gmail_default\">\n<p>&#8222;Jaguarkrieger&#8220;, S\u00fcdpol Verlag, ISBN 978-3-943086-80-5, Lesealter: 12+<\/p>\n<p>&#8222;Kunstfresser&#8220;, S\u00fcdpol 2021, ISBN <span class=\"a-list-item\">978-3965941090<\/span>, Lesealter: 6+<\/p>\n<\/div>","protected":false},"excerpt":{"rendered":"<p>Buchen Sie eine Isarautoren-Lesung &nbsp;und leisten Sie damit einen wertvollen Beitrag zur Lesef\u00f6rderung!&nbsp; Und noch dazu sind wir sogar \u00f6kologisch wertvoll:&nbsp;Weil wir Ihnen ganz nah sind und nicht quer durchs weite Land anreisen.&nbsp;Suchen Sie sich &hellip;<\/p>\n","protected":false},"author":1,"featured_media":0,"parent":0,"menu_order":0,"comment_status":"closed","ping_status":"closed","template":"","meta":[],"_links":{"self":[{"href":"https:\/\/isarautoren.de\/index.php\/wp-json\/wp\/v2\/pages\/10"}],"collection":[{"href":"https:\/\/isarautoren.de\/index.php\/wp-json\/wp\/v2\/pages"}],"about":[{"href":"https:\/\/isarautoren.de\/index.php\/wp-json\/wp\/v2\/types\/page"}],"author":[{"embeddable":true,"href":"https:\/\/isarautoren.de\/index.php\/wp-json\/wp\/v2\/users\/1"}],"replies":[{"embeddable":true,"href":"https:\/\/isarautoren.de\/index.php\/wp-json\/wp\/v2\/comments?post=10"}],"version-history":[{"count":310,"href":"https:\/\/isarautoren.de\/index.php\/wp-json\/wp\/v2\/pages\/10\/revisions"}],"predecessor-version":[{"id":1518,"href":"https:\/\/isarautoren.de\/index.php\/wp-json\/wp\/v2\/pages\/10\/revisions\/1518"}],"wp:attachment":[{"href":"https:\/\/isarautoren.de\/index.php\/wp-json\/wp\/v2\/media?parent=10"}],"curies":[{"name":"wp","href":"https:\/\/api.w.org\/{rel}","templated":true}]}}